{"id":229,"date":"2019-05-23T11:32:06","date_gmt":"2019-05-23T09:32:06","guid":{"rendered":"http:\/\/khg-marburg.eu\/?page_id=229"},"modified":"2025-03-25T14:45:13","modified_gmt":"2025-03-25T13:45:13","slug":"impressum","status":"publish","type":"page","link":"https:\/\/khg-marburg.eu\/index.php\/impressum\/","title":{"rendered":"Impressum"},"content":{"rendered":"<div id=\"pl-229\"  class=\"panel-layout\" ><div id=\"pg-229-0\"  class=\"panel-grid panel-no-style\" ><div id=\"pgc-229-0-0\"  class=\"panel-grid-cell\" ><div id=\"panel-229-0-0-0\" class=\"so-panel widget widget_sow-editor panel-first-child panel-last-child\" data-index=\"0\" ><div\n\t\t\t\n\t\t\tclass=\"so-widget-sow-editor so-widget-sow-editor-base\"\n\t\t\t\n\t\t>\n<div class=\"siteorigin-widget-tinymce textwidget\">\n\t<div class=\"content_top_container\">\n<div id=\"content_ajax\">\n<div id=\"content_main\">\n<div id=\"anchor_3337c910_St.-Peter-und-Paul--Marburg\" class=\"elementHeadline\">\n<h1>Katholische Hochschulgemeinde Marburg<\/h1>\n<\/div>\n<div id=\"anchor_99f1b99d_Impressum-\" class=\"elementHeadline\">\n<h2>Impressum<\/h2>\n<\/div>\n<div class=\"elementText\">\n<p>Katholische Hochschulgemeinde Marburg<\/p>\n<p>Viola Sinsel<br \/>\nBiegenstra\u00dfe 30<br \/>\n35037 Marburg<\/p>\n<p>Tel.: 06421 175389-0<br \/>\nEmail: <a href=\"mailto:khg-marburg@bistum-fulda.de\">khg-marburg@bistum-fulda.de<\/a><\/p>\n<\/div>\n<div>\n<p><img decoding=\"async\" title=\"\" src=\"https:\/\/i2.wp.com\/www.peterundpaul-marburg.de\/wGlobal-2011\/wGlobal\/layout\/images\/trans.gif\" alt=\"\" \/>Dieses Webangebot liegt auf den Servern von wordpress.com unter Originaladresse: <a href=\"https:\/\/khgmr.wordpress.com\" rel=\"nofollow\">https:\/\/khgmr.wordpress.com<\/a>. Daher gelten f\u00fcr diese Seite zus\u00e4tzlich die <a href=\"https:\/\/de.wordpress.com\/tos\/\">Gesch\u00e4ftsbedingungen<\/a> und <a href=\"https:\/\/automattic.com\/privacy\/\">Datenschutzbestimmungen<\/a> von wordpress.com.<\/p>\n<div><img decoding=\"async\" title=\"\" src=\"https:\/\/i2.wp.com\/www.peterundpaul-marburg.de\/wGlobal-2011\/wGlobal\/layout\/images\/trans.gif\" alt=\"\" \/><\/div>\n<div id=\"anchor_475e532f_Nutzungs-Ueberlassung\" class=\"elementHeadline\">\n<h4>Rechtliche Hinweise<\/h4>\n<\/div>\n<\/div>\n<\/div>\n<\/div>\n<\/div>\n<div class=\"content_top_container\">\n<div id=\"content_ajax\">\n<div id=\"content_main\">\n<div class=\"elementLink\">\n<div class=\"elementText\">\n<p>Zugang und Nutzung dieser Website unterliegen den folgenden Bestimmungen. Falls Sie mit diesen Bestimmungen nicht einverstanden sind, nutzen Sie diese Website bitte nicht. Durch weitere Nutzung der Seiten dokumentieren Sie ihr Einverst\u00e4ndnis mit den aufgef\u00fchrten Nutzungsbedingungen.<\/p>\n<\/div>\n<div><img decoding=\"async\" title=\"\" src=\"https:\/\/i2.wp.com\/www.peterundpaul-marburg.de\/wGlobal-2011\/wGlobal\/layout\/images\/trans.gif\" alt=\"\" \/><\/div>\n<div id=\"anchor_475e532f_Nutzungs-Ueberlassung\" class=\"elementHeadline\">\n<h4>Nutzungs-\u00dcberlassung<\/h4>\n<\/div>\n<div class=\"elementText\">\n<p>Die vorliegenden Inhalte unseres Internetauftrittes sind urheberrechtlich gesch\u00fctzt. Alle Rechte sind vorbehalten. Die Verwendung der Texte und Abbildungen, auch auszugsweise, zu anderen als pers\u00f6nlichen Zwecken verst\u00f6\u00dft gegen die Bestimmungen des Urheberrechts und ist damit rechtswidrig, sofern wir einer solchen Verwendung nicht vorab schriftlich zugestimmt haben. Dies gilt insbesondere f\u00fcr s\u00e4mtliche eventuellen Verwertungsrechte wie Vervielf\u00e4ltigung, \u00dcbersetzung oder Verwendung in elektronischen Systemen. Werden die Inhalte zu pers\u00f6nlichen Zwecken verwendet, so d\u00fcrfen die Informationen in keiner Weise ver\u00e4ndert und s\u00e4mtliche Darstellungen der Website nur zusammen mit dem dazugeh\u00f6rigen Text verwendet werden. In den Internet-Auftritten werden m\u00f6glicherweise eingetragene Marken, Handelsnamen, Gebrauchsmuster und Logos verwendet. Auch wenn diese nicht als solche gekennzeichnet sind, gelten die entsprechenden gesetzlichen Bestimmungen.<\/p>\n<\/div>\n<div><img decoding=\"async\" title=\"\" src=\"https:\/\/i2.wp.com\/www.peterundpaul-marburg.de\/wGlobal-2011\/wGlobal\/layout\/images\/trans.gif\" alt=\"\" \/><\/div>\n<div id=\"anchor_d577d287_Haftungsbeschraenkung\" class=\"elementHeadline\">\n<h4>Haftungsbeschr\u00e4nkung<\/h4>\n<\/div>\n<div class=\"elementText\">\n<p>Wir sind als Inhaltsanbieter nach \u00a7 8 Teledienstgesetz f\u00fcr unsere \u201eeigenen Inhalte\u201c, welche wir auf unserer Website zur Nutzung bereitstellen, verantwortlich und haben daher die auf dieser Website gesammelten Informationen, sorgf\u00e4ltig zusammengestellt. Wir bem\u00fchen uns, unser Informationsangebot stetig zu erweitern und aktuell zu halten. Gleichwohl k\u00f6nnen Informationen veraltet oder aus anderen Gr\u00fcnden \u00fcberholt oder sonst unbrauchbar bzw. unrichtig sein. Die Informationen und Angaben auf diesen Seiten stellen daher unter keinem Umstand eine Zusicherung oder Garantie dar, sei sie ausdr\u00fccklich oder stillschweigend. Sie stellen insbesondere keine stillschweigende Zusage oder Garantie betreffend die Beschaffenheit, die Handelsf\u00e4higkeit, die Eignung f\u00fcr bestimmte Zwecke oder den Nichtversto\u00df gegen Gesetze und Patente dar.<\/p>\n<p>Die Nutzer dieses Internetangebotes erkl\u00e4ren sich damit einverstanden, auf diese Website und deren Inhalte auf eigenes Risiko zuzugreifen. Weder die KHG (das Bistum Fulda) noch Dritte, die in die Erstellung, Produktion oder \u00dcbermittlung dieser Website involviert sind, haften f\u00fcr Sch\u00e4den oder Verletzungen, die sich aus dem Zugang oder der Unm\u00f6glichkeit des Zugangs, der Nutzung oder Unm\u00f6glichkeit der Nutzung dieser Website oder aus dem Umstand, dass Sie sich auf eine Information, die auf dieser Website enthalten ist, verlassen, entstehen.<\/p>\n<\/div>\n<div><img decoding=\"async\" title=\"\" src=\"https:\/\/i2.wp.com\/www.peterundpaul-marburg.de\/wGlobal-2011\/wGlobal\/layout\/images\/trans.gif\" alt=\"\" \/><\/div>\n<div id=\"anchor_672aa775_Haftung-fuer-Links\" class=\"elementHeadline\">\n<h4>Haftung f\u00fcr Links<\/h4>\n<\/div>\n<div class=\"elementText\">\n<p>Von den in unserer Website bereitgestellten \u201eeigenen Inhalten\u201c sind Querverweise (im folgenden auch \u201eLinks\u201c) auf die von anderen Anbietern bereitgehaltenen Inhalte zu unterscheiden. Durch den Querverweis halten wir insofern \u201efremde Inhalte\u201c zur Nutzung bereit. Durch den Querverweis vermitteln wir den Zugang zur Nutzung dieser Inhalte (\u00a7 9 Teledienstgesetz). F\u00fcr diese \u201efremden Inhalte\u201c sind wir nicht verantwortlich, da wir die \u00dcbermittlung der Information nicht veranlasst, den Adressaten der \u00fcbermittelten Informationen nicht ausgew\u00e4hlt und auch die \u00fcbermittelten Informationen nicht ausgew\u00e4hlt oder ver\u00e4ndert haben. Auch eine automatische kurzzeitige Zwischenspeicherung dieser \u201efremden Informationen\u201c erfolgt wegen der gew\u00e4hlten Aufruf- und Verlinkungsmethodik durch uns nicht, so dass sich auch dadurch keine Verantwortlichkeit unsererseits f\u00fcr diese fremden Inhalte ergibt.<\/p>\n<p>Bei solchen Links handelt es sich allerdings stets um Verweisungen auf \u201elebende\u201c (dynamische) Internetauftritte Dritter. Wir haben bei der erstmaligen Verkn\u00fcpfung zwar den fremden Inhalt daraufhin \u00fcberpr\u00fcft, ob durch ihn eine m\u00f6gliche zivilrechtliche oder strafrechtliche Verantwortlichkeit ausgel\u00f6st wird. Wir sind aber nicht dazu verpflichtet, die Inhalte, auf die sie in ihrem Angebot verweisen, st\u00e4ndig auf Ver\u00e4nderungen zu \u00fcberpr\u00fcfen, die eine Verantwortlichkeit neu begr\u00fcnden k\u00f6nnten. Erst wenn wir feststellen oder von anderen darauf hingewiesen werden, dass ein konkretes Angebot, zu dem wir einen Link bereitgestellt haben, eine zivil- oder strafrechtliche Verantwortlichkeit ausl\u00f6st, werden wir den Verweis auf dieses Angebot aufheben, soweit uns dies technisch m\u00f6glich und zumutbar ist.<\/p>\n<\/div>\n<div><img decoding=\"async\" title=\"\" src=\"https:\/\/i2.wp.com\/www.peterundpaul-marburg.de\/wGlobal-2011\/wGlobal\/layout\/images\/trans.gif\" alt=\"\" \/><\/div>\n<div id=\"anchor_e9aa1cf6_Durch-den-Nutzer-bereitgestellte-Informationen\" class=\"elementHeadline\">\n<h4>Durch den Nutzer bereitgestellte Informationen<\/h4>\n<\/div>\n<div class=\"elementText\">\n<p>Der Nutzer der Website ist in vollem Umfang f\u00fcr s\u00e4mtliche Informationen, die er uns bei Nutzung dieser Website sendet, hinsichtlich Inhalt und Richtigkeit sowie daf\u00fcr verantwortlich, dass Rechte Dritter nicht verletzt werden. Der Nutzer ist damit einverstanden, dass wir diese Informationen speichern und f\u00fcr statistische Auswertungen oder andere benannte, gesch\u00e4ftliche Zwecke verwenden, sofern es sich nicht um personenbezogene Daten handelt, die \u00fcber Bestandsdaten oder Nutzungsdaten im Sinne von \u00a7 5 und \u00a7 6 TDDSG hinausgehen. Wir sind insbesondere befugt, den Inhalt solcher Mitteilungen und die darin enthaltenen Informationen, insbesondere Ideen, Erfindungen, Konzepte, Techniken oder Know How f\u00fcr jeden Zweck zu nutzen, einschlie\u00dflich der Entwicklung, Herstellung und \/oder Vermarktung von Produkten oder Services, und diese Information zu reproduzieren und uneingeschr\u00e4nkt dritten Parteien zug\u00e4nglich zu machen.<\/p>\n<\/div>\n<div><img decoding=\"async\" title=\"\" src=\"https:\/\/i2.wp.com\/www.peterundpaul-marburg.de\/wGlobal-2011\/wGlobal\/layout\/images\/trans.gif\" alt=\"\" \/><\/div>\n<div id=\"anchor_945b4f9f_Haftungsausschluss-fuer-unberechtigt-geltend-gemachte-Kosten\" class=\"elementHeadline\">\n<h4>Haftungsausschluss f\u00fcr unberechtigt geltend gemachte Kosten<\/h4>\n<\/div>\n<div class=\"elementText\">\n<p>Wir sind um die urheberrechtliche Richtigkeit unserer Internetseite bem\u00fcht und grei\u00adfen nur auf selbst erstellte Inhalte sowie auf lizenzierte und lizenzfreie Werke zur\u00fcck. Sollten dennoch Inhalte oder Aufmachung der Internetseite Rechte Dritter oder ge\u00adsetzliche Vorschriften verletzen, bitten wir um umgehende Mitteilung an den im Im\u00adpressum genannten Verantwortlichen. Wir sichern zu, die geltend gemachte Verlet\u00adzung unverz\u00fcglich zu pr\u00fcfen und zu Recht beanstandete Inhalte und Links sofort zu entfernen, so dass von Seiten des Berechtigten die Einschaltung eines Rechtsan\u00adwalts nicht erforderlich ist.<\/p>\n<p>Vom Berechtigten ohne vorherige Kontaktaufnahme mit uns ausgel\u00f6ste Rechtsbera\u00adtungs- und andere Kosten werden wir aus diesem Grund vollumf\u00e4nglich zur\u00fcckwei\u00adsen. Falls beabsichtigt wird, solche Kosten gerichtlich geltend zu machen, weisen wir darauf hin, dass wir in diesem Fall Gegenklage auf Nichttragung der Kosten wegen fehlender Urs\u00e4chlichkeit erheben werden.<\/p>\n<\/div>\n<div><img decoding=\"async\" title=\"\" src=\"https:\/\/i2.wp.com\/www.peterundpaul-marburg.de\/wGlobal-2011\/wGlobal\/layout\/images\/trans.gif\" alt=\"\" \/><\/div>\n<div id=\"anchor_16e61d31_Anwendbares-Recht\" class=\"elementHeadline\">\n<h4>Anwendbares Recht<\/h4>\n<\/div>\n<div class=\"elementText\">\n<p>S\u00e4mtliche in Verbindung mit der Nutzung dieser Website oder mit ihr sonst in Zusammenhang stehenden Anspr\u00fcche unterliegen dem Recht der Bundesrepublik Deutschland mit Ausnahme der Regelungen des Internationalen Privatrechts.<\/p>\n<\/div>\n<div><img decoding=\"async\" title=\"\" src=\"https:\/\/i2.wp.com\/www.peterundpaul-marburg.de\/wGlobal-2011\/wGlobal\/layout\/images\/trans.gif\" alt=\"\" \/><\/div>\n<\/div>\n<\/div>\n<\/div>\n<\/div>\n<\/div>\n<\/div><\/div><\/div><\/div><\/div>","protected":false},"excerpt":{"rendered":"<p>Katholische Hochschulgemeinde Marburg Impressum Katholische Hochschulgemeinde Marburg Viola Sinsel Biegenstra\u00dfe 30 35037 Marburg Tel.: 06421 175389-0 Email: khg-marburg@bistum-fulda.de Dieses Webangebot liegt auf den Servern von wordpress.com unter Originaladresse: https:\/\/khgmr.wordpress.com. Daher&#8230;<\/p>\n","protected":false},"author":2,"featured_media":0,"parent":0,"menu_order":6,"comment_status":"closed","ping_status":"closed","template":"","meta":{"inline_featured_image":false,"_kadence_starter_templates_imported_post":false,"_kad_post_transparent":"default","_kad_post_title":"default","_kad_post_layout":"default","_kad_post_sidebar_id":"","_kad_post_content_style":"default","_kad_post_vertical_padding":"default","_kad_post_feature":"","_kad_post_feature_position":"","_kad_post_header":false,"_kad_post_footer":false,"footnotes":""},"yoast_head":"<!-- This site is optimized with the Yoast SEO plugin v22.3 - https:\/\/yoast.com\/wordpress\/plugins\/seo\/ -->\n<title>Impressum - Katholische Hochschulgemeinde Marburg<\/title>\n<meta name=\"robots\" content=\"index, follow, max-snippet:-1, max-image-preview:large, max-video-preview:-1\" \/>\n<link rel=\"canonical\" href=\"https:\/\/khg-marburg.eu\/index.php\/impressum\/\" \/>\n<meta property=\"og:locale\" content=\"de_DE\" \/>\n<meta property=\"og:type\" content=\"article\" \/>\n<meta property=\"og:title\" content=\"Impressum - Katholische Hochschulgemeinde Marburg\" \/>\n<meta property=\"og:description\" content=\"Katholische Hochschulgemeinde Marburg Impressum Katholische Hochschulgemeinde Marburg Viola Sinsel Biegenstra\u00dfe 30 35037 Marburg Tel.: 06421 175389-0 Email: khg-marburg@bistum-fulda.de Dieses Webangebot liegt auf den Servern von wordpress.com unter Originaladresse: https:\/\/khgmr.wordpress.com. Daher...\" \/>\n<meta property=\"og:url\" content=\"https:\/\/khg-marburg.eu\/index.php\/impressum\/\" \/>\n<meta property=\"og:site_name\" content=\"Katholische Hochschulgemeinde Marburg\" \/>\n<meta property=\"article:publisher\" content=\"https:\/\/www.facebook.com\/KHGMarburg\" \/>\n<meta property=\"article:modified_time\" content=\"2025-03-25T13:45:13+00:00\" \/>\n<meta property=\"og:image\" content=\"https:\/\/i2.wp.com\/www.peterundpaul-marburg.de\/wGlobal-2011\/wGlobal\/layout\/images\/trans.gif\" \/>\n<meta name=\"twitter:card\" content=\"summary_large_image\" \/>\n<meta name=\"twitter:label1\" content=\"Gesch\u00e4tzte Lesezeit\" \/>\n\t<meta name=\"twitter:data1\" content=\"7\u00a0Minuten\" \/>\n<script type=\"application\/ld+json\" class=\"yoast-schema-graph\">{\"@context\":\"https:\/\/schema.org\",\"@graph\":[{\"@type\":\"WebPage\",\"@id\":\"https:\/\/khg-marburg.eu\/index.php\/impressum\/\",\"url\":\"https:\/\/khg-marburg.eu\/index.php\/impressum\/\",\"name\":\"Impressum - Katholische Hochschulgemeinde Marburg\",\"isPartOf\":{\"@id\":\"https:\/\/khg-marburg.eu\/#website\"},\"primaryImageOfPage\":{\"@id\":\"https:\/\/khg-marburg.eu\/index.php\/impressum\/#primaryimage\"},\"image\":{\"@id\":\"https:\/\/khg-marburg.eu\/index.php\/impressum\/#primaryimage\"},\"thumbnailUrl\":\"https:\/\/i2.wp.com\/www.peterundpaul-marburg.de\/wGlobal-2011\/wGlobal\/layout\/images\/trans.gif\",\"datePublished\":\"2019-05-23T09:32:06+00:00\",\"dateModified\":\"2025-03-25T13:45:13+00:00\",\"breadcrumb\":{\"@id\":\"https:\/\/khg-marburg.eu\/index.php\/impressum\/#breadcrumb\"},\"inLanguage\":\"de\",\"potentialAction\":[{\"@type\":\"ReadAction\",\"target\":[\"https:\/\/khg-marburg.eu\/index.php\/impressum\/\"]}]},{\"@type\":\"ImageObject\",\"inLanguage\":\"de\",\"@id\":\"https:\/\/khg-marburg.eu\/index.php\/impressum\/#primaryimage\",\"url\":\"https:\/\/i2.wp.com\/www.peterundpaul-marburg.de\/wGlobal-2011\/wGlobal\/layout\/images\/trans.gif\",\"contentUrl\":\"https:\/\/i2.wp.com\/www.peterundpaul-marburg.de\/wGlobal-2011\/wGlobal\/layout\/images\/trans.gif\"},{\"@type\":\"BreadcrumbList\",\"@id\":\"https:\/\/khg-marburg.eu\/index.php\/impressum\/#breadcrumb\",\"itemListElement\":[{\"@type\":\"ListItem\",\"position\":1,\"name\":\"Startseite\",\"item\":\"https:\/\/khg-marburg.eu\/\"},{\"@type\":\"ListItem\",\"position\":2,\"name\":\"Impressum\"}]},{\"@type\":\"WebSite\",\"@id\":\"https:\/\/khg-marburg.eu\/#website\",\"url\":\"https:\/\/khg-marburg.eu\/\",\"name\":\"Katholische Hochschulgemeinde Marburg\",\"description\":\"Die Katholische Hochschulgemeinde - Katholische Kirche in Marburg\",\"publisher\":{\"@id\":\"https:\/\/khg-marburg.eu\/#organization\"},\"potentialAction\":[{\"@type\":\"SearchAction\",\"target\":{\"@type\":\"EntryPoint\",\"urlTemplate\":\"https:\/\/khg-marburg.eu\/?s={search_term_string}\"},\"query-input\":\"required name=search_term_string\"}],\"inLanguage\":\"de\"},{\"@type\":\"Organization\",\"@id\":\"https:\/\/khg-marburg.eu\/#organization\",\"name\":\"Katholische Hochschulgemeinde Marburg\",\"url\":\"https:\/\/khg-marburg.eu\/\",\"logo\":{\"@type\":\"ImageObject\",\"inLanguage\":\"de\",\"@id\":\"https:\/\/khg-marburg.eu\/#\/schema\/logo\/image\/\",\"url\":\"https:\/\/khg-marburg.eu\/wp-content\/uploads\/2020\/04\/logo_wei\u00df.jpg\",\"contentUrl\":\"https:\/\/khg-marburg.eu\/wp-content\/uploads\/2020\/04\/logo_wei\u00df.jpg\",\"width\":750,\"height\":650,\"caption\":\"Katholische Hochschulgemeinde Marburg\"},\"image\":{\"@id\":\"https:\/\/khg-marburg.eu\/#\/schema\/logo\/image\/\"},\"sameAs\":[\"https:\/\/www.facebook.com\/KHGMarburg\",\"https:\/\/www.instagram.com\/khgmarburg\/\"]}]}<\/script>\n<!-- \/ Yoast SEO plugin. -->","yoast_head_json":{"title":"Impressum - Katholische Hochschulgemeinde Marburg","robots":{"index":"index","follow":"follow","max-snippet":"max-snippet:-1","max-image-preview":"max-image-preview:large","max-video-preview":"max-video-preview:-1"},"canonical":"https:\/\/khg-marburg.eu\/index.php\/impressum\/","og_locale":"de_DE","og_type":"article","og_title":"Impressum - Katholische Hochschulgemeinde Marburg","og_description":"Katholische Hochschulgemeinde Marburg Impressum Katholische Hochschulgemeinde Marburg Viola Sinsel Biegenstra\u00dfe 30 35037 Marburg Tel.: 06421 175389-0 Email: khg-marburg@bistum-fulda.de Dieses Webangebot liegt auf den Servern von wordpress.com unter Originaladresse: https:\/\/khgmr.wordpress.com. Daher...","og_url":"https:\/\/khg-marburg.eu\/index.php\/impressum\/","og_site_name":"Katholische Hochschulgemeinde Marburg","article_publisher":"https:\/\/www.facebook.com\/KHGMarburg","article_modified_time":"2025-03-25T13:45:13+00:00","og_image":[{"url":"https:\/\/i2.wp.com\/www.peterundpaul-marburg.de\/wGlobal-2011\/wGlobal\/layout\/images\/trans.gif"}],"twitter_card":"summary_large_image","twitter_misc":{"Gesch\u00e4tzte Lesezeit":"7\u00a0Minuten"},"schema":{"@context":"https:\/\/schema.org","@graph":[{"@type":"WebPage","@id":"https:\/\/khg-marburg.eu\/index.php\/impressum\/","url":"https:\/\/khg-marburg.eu\/index.php\/impressum\/","name":"Impressum - Katholische Hochschulgemeinde Marburg","isPartOf":{"@id":"https:\/\/khg-marburg.eu\/#website"},"primaryImageOfPage":{"@id":"https:\/\/khg-marburg.eu\/index.php\/impressum\/#primaryimage"},"image":{"@id":"https:\/\/khg-marburg.eu\/index.php\/impressum\/#primaryimage"},"thumbnailUrl":"https:\/\/i2.wp.com\/www.peterundpaul-marburg.de\/wGlobal-2011\/wGlobal\/layout\/images\/trans.gif","datePublished":"2019-05-23T09:32:06+00:00","dateModified":"2025-03-25T13:45:13+00:00","breadcrumb":{"@id":"https:\/\/khg-marburg.eu\/index.php\/impressum\/#breadcrumb"},"inLanguage":"de","potentialAction":[{"@type":"ReadAction","target":["https:\/\/khg-marburg.eu\/index.php\/impressum\/"]}]},{"@type":"ImageObject","inLanguage":"de","@id":"https:\/\/khg-marburg.eu\/index.php\/impressum\/#primaryimage","url":"https:\/\/i2.wp.com\/www.peterundpaul-marburg.de\/wGlobal-2011\/wGlobal\/layout\/images\/trans.gif","contentUrl":"https:\/\/i2.wp.com\/www.peterundpaul-marburg.de\/wGlobal-2011\/wGlobal\/layout\/images\/trans.gif"},{"@type":"BreadcrumbList","@id":"https:\/\/khg-marburg.eu\/index.php\/impressum\/#breadcrumb","itemListElement":[{"@type":"ListItem","position":1,"name":"Startseite","item":"https:\/\/khg-marburg.eu\/"},{"@type":"ListItem","position":2,"name":"Impressum"}]},{"@type":"WebSite","@id":"https:\/\/khg-marburg.eu\/#website","url":"https:\/\/khg-marburg.eu\/","name":"Katholische Hochschulgemeinde Marburg","description":"Die Katholische Hochschulgemeinde - Katholische Kirche in Marburg","publisher":{"@id":"https:\/\/khg-marburg.eu\/#organization"},"potentialAction":[{"@type":"SearchAction","target":{"@type":"EntryPoint","urlTemplate":"https:\/\/khg-marburg.eu\/?s={search_term_string}"},"query-input":"required name=search_term_string"}],"inLanguage":"de"},{"@type":"Organization","@id":"https:\/\/khg-marburg.eu\/#organization","name":"Katholische Hochschulgemeinde Marburg","url":"https:\/\/khg-marburg.eu\/","logo":{"@type":"ImageObject","inLanguage":"de","@id":"https:\/\/khg-marburg.eu\/#\/schema\/logo\/image\/","url":"https:\/\/khg-marburg.eu\/wp-content\/uploads\/2020\/04\/logo_wei\u00df.jpg","contentUrl":"https:\/\/khg-marburg.eu\/wp-content\/uploads\/2020\/04\/logo_wei\u00df.jpg","width":750,"height":650,"caption":"Katholische Hochschulgemeinde Marburg"},"image":{"@id":"https:\/\/khg-marburg.eu\/#\/schema\/logo\/image\/"},"sameAs":["https:\/\/www.facebook.com\/KHGMarburg","https:\/\/www.instagram.com\/khgmarburg\/"]}]}},"_links":{"self":[{"href":"https:\/\/khg-marburg.eu\/index.php\/wp-json\/wp\/v2\/pages\/229"}],"collection":[{"href":"https:\/\/khg-marburg.eu\/index.php\/wp-json\/wp\/v2\/pages"}],"about":[{"href":"https:\/\/khg-marburg.eu\/index.php\/wp-json\/wp\/v2\/types\/page"}],"author":[{"embeddable":true,"href":"https:\/\/khg-marburg.eu\/index.php\/wp-json\/wp\/v2\/users\/2"}],"replies":[{"embeddable":true,"href":"https:\/\/khg-marburg.eu\/index.php\/wp-json\/wp\/v2\/comments?post=229"}],"version-history":[{"count":9,"href":"https:\/\/khg-marburg.eu\/index.php\/wp-json\/wp\/v2\/pages\/229\/revisions"}],"predecessor-version":[{"id":8821,"href":"https:\/\/khg-marburg.eu\/index.php\/wp-json\/wp\/v2\/pages\/229\/revisions\/8821"}],"wp:attachment":[{"href":"https:\/\/khg-marburg.eu\/index.php\/wp-json\/wp\/v2\/media?parent=229"}],"curies":[{"name":"wp","href":"https:\/\/api.w.org\/{rel}","templated":true}]}}