{"id":276,"date":"2019-05-23T20:27:06","date_gmt":"2019-05-23T18:27:06","guid":{"rendered":"http:\/\/khg-marburg.eu\/?page_id=276"},"modified":"2023-05-02T08:23:49","modified_gmt":"2023-05-02T06:23:49","slug":"startseite","status":"publish","type":"page","link":"https:\/\/khg-marburg.eu\/index.php\/katholische-hochschulgemeinde-marburg\/startseite\/","title":{"rendered":"KATHOLISCH HEUTE GEDACHT"},"content":{"rendered":"<div id=\"pl-276\"  class=\"panel-layout\" ><div id=\"pg-276-0\"  class=\"panel-grid panel-no-style\" ><div id=\"pgc-276-0-0\"  class=\"panel-grid-cell\" ><div id=\"panel-276-0-0-0\" class=\"so-panel widget widget_sow-editor panel-first-child\" data-index=\"0\" ><div\n\t\t\t\n\t\t\tclass=\"so-widget-sow-editor so-widget-sow-editor-base\"\n\t\t\t\n\t\t>\n<div class=\"siteorigin-widget-tinymce textwidget\">\n\t<p><img loading=\"lazy\" decoding=\"async\" class=\"aligncenter wp-image-5337\" src=\"https:\/\/khg-marburg.eu\/wp-content\/uploads\/2023\/04\/Webseite-final-1-1024x424.png\" alt=\"\" width=\"1390\" height=\"575\" srcset=\"https:\/\/khg-marburg.eu\/wp-content\/uploads\/2023\/04\/Webseite-final-1-1024x424.png 1024w, https:\/\/khg-marburg.eu\/wp-content\/uploads\/2023\/04\/Webseite-final-1-300x124.png 300w, https:\/\/khg-marburg.eu\/wp-content\/uploads\/2023\/04\/Webseite-final-1-768x318.png 768w, https:\/\/khg-marburg.eu\/wp-content\/uploads\/2023\/04\/Webseite-final-1-1536x636.png 1536w, https:\/\/khg-marburg.eu\/wp-content\/uploads\/2023\/04\/Webseite-final-1-2048x848.png 2048w\" sizes=\"(max-width: 1390px) 100vw, 1390px\" \/><\/p>\n<\/div>\n<\/div><\/div><div id=\"panel-276-0-0-1\" class=\"so-panel widget widget_sow-editor\" data-index=\"1\" ><div\n\t\t\t\n\t\t\tclass=\"so-widget-sow-editor so-widget-sow-editor-base\"\n\t\t\t\n\t\t>\n<div class=\"siteorigin-widget-tinymce textwidget\">\n\t<h1 style=\"text-align: center;\">WILLKOMMEN<\/h1>\n<p style=\"text-align: center;\">in der katholischen Hochschulgemeinde Marburg!<br \/>\nWir sind eine offene und lebendige Gemeinschaft.<\/p>\n<p class=\"_04xlpA direction-ltr align-start para-style-body\" style=\"text-align: center;\"><span class=\"JsGRdQ\">DU bist herzlich eingeladen! <\/span><span class=\"JsGRdQ\">Unabh\u00e4ngig von Geschlecht, <\/span><span class=\"JsGRdQ\">Lebensphase, Sexueller Orientierung, Religion und Herkunft.<\/span><\/p>\n<p style=\"text-align: center;\">Themenabende, Gottesdienste, Gespr\u00e4che, Fahrten, Diskussionsrunden, kreative Workshops, Sozialaktionen, interreligi\u00f6ser Austausch, Spieleabende, Vortr\u00e4ge, Musizieren - das alles und noch viel mehr findest du in unserem KHG-Programm. Komm vorbei: Wann du willst &amp; wie oft du willst!<\/p>\n<\/div>\n<\/div><\/div><div id=\"panel-276-0-0-2\" class=\"so-panel widget widget_sow-editor\" data-index=\"2\" ><div\n\t\t\t\n\t\t\tclass=\"so-widget-sow-editor so-widget-sow-editor-base\"\n\t\t\t\n\t\t>\n<div class=\"siteorigin-widget-tinymce textwidget\">\n\t<p><img loading=\"lazy\" decoding=\"async\" class=\"wp-image-4649 aligncenter\" src=\"https:\/\/khg-marburg.eu\/wp-content\/uploads\/2022\/10\/IMG_5088-300x169.jpg\" alt=\"\" width=\"824\" height=\"464\" srcset=\"https:\/\/khg-marburg.eu\/wp-content\/uploads\/2022\/10\/IMG_5088-300x169.jpg 300w, https:\/\/khg-marburg.eu\/wp-content\/uploads\/2022\/10\/IMG_5088-1024x576.jpg 1024w, https:\/\/khg-marburg.eu\/wp-content\/uploads\/2022\/10\/IMG_5088-768x432.jpg 768w, https:\/\/khg-marburg.eu\/wp-content\/uploads\/2022\/10\/IMG_5088.jpg 1372w\" sizes=\"(max-width: 824px) 100vw, 824px\" \/><\/p>\n<\/div>\n<\/div><\/div><div id=\"panel-276-0-0-3\" class=\"so-panel widget widget_sow-editor panel-last-child\" data-index=\"3\" ><div\n\t\t\t\n\t\t\tclass=\"so-widget-sow-editor so-widget-sow-editor-base\"\n\t\t\t\n\t\t>\n<div class=\"siteorigin-widget-tinymce textwidget\">\n\t<p style=\"text-align: center;\">Klick auf die Themen und erfahre mehr \u00fcber die Menschen in der Katholischen Hochschulgemeinde Marburg!<br \/>\n<a href=\"https:\/\/te9e4aa3c.emailsys1a.net\/c\/109\/5929471\/0\/0\/0\/212645\/51f3b2fea3.html\">Was ist KHG f\u00fcr dich?<\/a><br \/>\n<a href=\"https:\/\/te9e4aa3c.emailsys1a.net\/c\/109\/5929471\/0\/0\/0\/212647\/0e53e0c410.html\">Was ist dein Highlight mit der KHG?<\/a><br \/>\n<a href=\"https:\/\/te9e4aa3c.emailsys1a.net\/c\/109\/5929471\/0\/0\/0\/212649\/50fb2f85be.html\">Wie f\u00fchlt sich KHG f\u00fcr dich an?<\/a><\/p>\n<p style=\"text-align: center;\">Du warst noch nie bei uns? Ruf an, schreib uns oder komm einfach mal bei einer KHG-Aktion vorbei!<\/p>\n<p style=\"text-align: center;\">KHG-B\u00fcro: Biegenstra\u00dfe 30 \/ <a href=\"mailto:khg-marburg@bistum-fulda.de\">khg-marburg@bistum-fulda.de<\/a><br \/>\nHochschulpfarrer Dr. Martin Stanke: 0175-7520500 \/ <a href=\"mailto:martin.stanke@bistum-fulda.de\">martin.stanke@bistum-fulda.de<\/a><br \/>\nGemeindereferentin Viola Sinsel: 0175-4778868 \/ <a href=\"mailto:viola.sinsel@bistum-fulda.de\">viola.sinsel@bistum-fulda.de<\/a><\/p>\n<\/div>\n<\/div><\/div><\/div><\/div><div id=\"pg-276-1\"  class=\"panel-grid panel-no-style\" ><div id=\"pgc-276-1-0\"  class=\"panel-grid-cell\" ><div id=\"panel-276-1-0-0\" class=\"so-panel widget widget_sow-social-media-buttons panel-first-child panel-last-child\" data-index=\"4\" ><div\n\t\t\t\n\t\t\tclass=\"so-widget-sow-social-media-buttons so-widget-sow-social-media-buttons-wire-b7ee864412c5-276\"\n\t\t\t\n\t\t>\n\n<div class=\"social-media-button-container\">\n\t\n\t\t<a \n\t\tclass=\"ow-button-hover sow-social-media-button-instagram-0 sow-social-media-button\" title=\"Katholische Hochschulgemeinde Marburg on Instagram\" aria-label=\"Katholische Hochschulgemeinde Marburg on Instagram\" target=\"_blank\" rel=\"noopener noreferrer\" href=\"https:\/\/instagram.com\/\" \t\t>\n\t\t\t<span>\n\t\t\t\t\t\t\t\t<span class=\"sow-icon-fontawesome sow-fab\" data-sow-icon=\"&#xf16d;\"\n\t\t \n\t\taria-hidden=\"true\"><\/span>\t\t\t\t\t\t\t<\/span>\n\t\t<\/a>\n\t<\/div>\n<\/div><\/div><\/div><div id=\"pgc-276-1-1\"  class=\"panel-grid-cell\" ><div id=\"panel-276-1-1-0\" class=\"so-panel widget widget_sow-social-media-buttons panel-first-child panel-last-child\" data-index=\"5\" ><div\n\t\t\t\n\t\t\tclass=\"so-widget-sow-social-media-buttons so-widget-sow-social-media-buttons-wire-bdc17d0c7971-276\"\n\t\t\t\n\t\t>\n\n<div class=\"social-media-button-container\">\n\t\n\t\t<a \n\t\tclass=\"ow-button-hover sow-social-media-button-facebook-0 sow-social-media-button\" title=\"Katholische Hochschulgemeinde Marburg on Facebook\" aria-label=\"Katholische Hochschulgemeinde Marburg on Facebook\" target=\"_blank\" rel=\"noopener noreferrer\" href=\"https:\/\/www.facebook.com\/KHGMarburg\" \t\t>\n\t\t\t<span>\n\t\t\t\t\t\t\t\t<span class=\"sow-icon-fontawesome sow-fab\" data-sow-icon=\"&#xf39e;\"\n\t\t \n\t\taria-hidden=\"true\"><\/span>\t\t\t\t\t\t\t<\/span>\n\t\t<\/a>\n\t<\/div>\n<\/div><\/div><\/div><\/div><div id=\"pg-276-2\"  class=\"panel-grid panel-no-style\" ><div id=\"pgc-276-2-0\"  class=\"panel-grid-cell\" ><div id=\"panel-276-2-0-0\" class=\"so-panel widget widget_siteorigin-panels-builder panel-first-child panel-last-child\" data-index=\"6\" ><div id=\"pl-w63ef614e048ed\"  class=\"panel-layout\" ><div id=\"pg-w63ef614e048ed-0\"  class=\"panel-grid panel-no-style\" ><div id=\"pgc-w63ef614e048ed-0-0\"  class=\"panel-grid-cell\" ><div id=\"panel-w63ef614e048ed-0-0-0\" class=\"so-panel widget widget_sow-hero panel-first-child panel-last-child\" data-index=\"0\" ><div class=\"panel-widget-style panel-widget-style-for-w63ef614e048ed-0-0-0\" ><div\n\t\t\t\n\t\t\tclass=\"so-widget-sow-hero so-widget-sow-hero-default-889fe537964e so-widget-fittext-wrapper\"\n\t\t\t data-fit-text-compressor=\"0.85\"\n\t\t>\t\t\t\t<div class=\"sow-slider-base\" style=\"display: none\" tabindex=\"0\">\n\t\t\t\t\t<ul\n\t\t\t\t\tclass=\"sow-slider-images\"\n\t\t\t\t\tdata-settings=\"{&quot;pagination&quot;:true,&quot;speed&quot;:800,&quot;timeout&quot;:8000,&quot;paused&quot;:false,&quot;pause_on_hover&quot;:false,&quot;swipe&quot;:true,&quot;nav_always_show_desktop&quot;:&quot;&quot;,&quot;nav_always_show_mobile&quot;:&quot;&quot;,&quot;breakpoint&quot;:&quot;780px&quot;,&quot;unmute&quot;:false,&quot;anchor&quot;:null}\"\n\t\t\t\t\t\t\t\t\t\tdata-anchor-id=\"\"\n\t\t\t\t>\t\t<li class=\"sow-slider-image\" style=\"visibility: visible;;background-color: #333333;cursor: pointer;\" data-url=\"{&quot;url&quot;:&quot;https:\\\/\\\/khg-marburg.eu\\\/veranstaltungen\\\/&quot;,&quot;new_window&quot;:false}\" >\n\t\t\t\t\t<div class=\"sow-slider-image-container\">\n\t\t\t<div class=\"sow-slider-image-wrapper\">\n\t\t\t\t<h1 style=\"text-align: center\">Was l\u00e4uft?<\/h1>\n\t\t\t<\/div>\n\t\t<\/div>\n\t\t\t\t<\/li>\n\t\t<\/ul>\t\t\t\t<ol class=\"sow-slider-pagination\">\n\t\t\t\t\t\t\t\t\t\t\t<li><a href=\"#\" data-goto=\"0\" aria-label=\"Display slide 1\"><\/a><\/li>\n\t\t\t\t\t\t\t\t\t<\/ol>\n\n\t\t\t\t<div class=\"sow-slide-nav sow-slide-nav-next\">\n\t\t\t\t\t<a href=\"#\" data-goto=\"next\" aria-label=\"Next slide\" data-action=\"next\">\n\t\t\t\t\t\t<em class=\"sow-sld-icon-thin-right\"><\/em>\n\t\t\t\t\t<\/a>\n\t\t\t\t<\/div>\n\n\t\t\t\t<div class=\"sow-slide-nav sow-slide-nav-prev\">\n\t\t\t\t\t<a href=\"#\" data-goto=\"previous\" aria-label=\"Previous slide\" data-action=\"prev\">\n\t\t\t\t\t\t<em class=\"sow-sld-icon-thin-left\"><\/em>\n\t\t\t\t\t<\/a>\n\t\t\t\t<\/div>\n\t\t\t\t<\/div><\/div><\/div><\/div><\/div><\/div><\/div><\/div><\/div><\/div><div id=\"pg-276-3\"  class=\"panel-grid panel-no-style\" ><div id=\"pgc-276-3-0\"  class=\"panel-grid-cell\" ><div id=\"panel-276-3-0-0\" class=\"so-panel widget widget_sow-editor panel-first-child\" data-index=\"7\" ><div\n\t\t\t\n\t\t\tclass=\"so-widget-sow-editor so-widget-sow-editor-base\"\n\t\t\t\n\t\t>\n<div class=\"siteorigin-widget-tinymce textwidget\">\n\t<p><img loading=\"lazy\" decoding=\"async\" class=\"alignnone  wp-image-5259\" src=\"https:\/\/khg-marburg.eu\/wp-content\/uploads\/2023\/04\/Final_Neue-Sprache-fuer-den-Glauben-finden-Instagram-Post-Quadratisch-1024x1024.png\" alt=\"\" width=\"439\" height=\"439\" srcset=\"https:\/\/khg-marburg.eu\/wp-content\/uploads\/2023\/04\/Final_Neue-Sprache-fuer-den-Glauben-finden-Instagram-Post-Quadratisch-1024x1024.png 1024w, https:\/\/khg-marburg.eu\/wp-content\/uploads\/2023\/04\/Final_Neue-Sprache-fuer-den-Glauben-finden-Instagram-Post-Quadratisch-300x300.png 300w, https:\/\/khg-marburg.eu\/wp-content\/uploads\/2023\/04\/Final_Neue-Sprache-fuer-den-Glauben-finden-Instagram-Post-Quadratisch-150x150.png 150w, https:\/\/khg-marburg.eu\/wp-content\/uploads\/2023\/04\/Final_Neue-Sprache-fuer-den-Glauben-finden-Instagram-Post-Quadratisch-768x768.png 768w, https:\/\/khg-marburg.eu\/wp-content\/uploads\/2023\/04\/Final_Neue-Sprache-fuer-den-Glauben-finden-Instagram-Post-Quadratisch.png 1080w\" sizes=\"(max-width: 439px) 100vw, 439px\" \/><\/p>\n<\/div>\n<\/div><\/div><div id=\"panel-276-3-0-1\" class=\"so-panel widget widget_sow-editor panel-last-child\" data-index=\"8\" ><div\n\t\t\t\n\t\t\tclass=\"so-widget-sow-editor so-widget-sow-editor-base\"\n\t\t\t\n\t\t><h3 class=\"widget-title\">Neue Sprache f\u00fcr den Glauben finden<\/h3>\n<div class=\"siteorigin-widget-tinymce textwidget\">\n\t<p><span style=\"font-weight: 400;\">Bist du genervt von verstaubten theologischen Begriffen und frommen Texten? F\u00e4llt es dir schwer in der \u00d6ffentlichkeit \u00fcber deinen Glauben zu sprechen? Hast du Lust etwas zu \u00e4ndern?<br \/>\n<\/span><span style=\"font-weight: 400;\">Dann komm zum Innotizer-Abend mit dem Thema \"Neue Sprache f\u00fcr den Glauben finden\".<\/span><\/p>\n<p>03.05.2023 (Mi)<br \/>\n19:00\u00a0- 22:00 Uhr<br \/>\nWorkshop, Prayer, Fingerfood<br \/>\nStadtmission, Wilhelmstra\u00dfe 15<\/p>\n<p><strong>Kontakt: <\/strong><a href=\"mailto:viola.sinsel@bistum-fulda.de\" data-cke-saved-href=\"mailto:viola.sinsel@bistum-fulda.de\">Viola.sinsel@bistum-fulda.de<\/a><\/p>\n<\/div>\n<\/div><\/div><\/div><div id=\"pgc-276-3-1\"  class=\"panel-grid-cell\" ><div id=\"panel-276-3-1-0\" class=\"so-panel widget widget_sow-editor panel-first-child\" data-index=\"9\" ><div\n\t\t\t\n\t\t\tclass=\"so-widget-sow-editor so-widget-sow-editor-base\"\n\t\t\t\n\t\t>\n<div class=\"siteorigin-widget-tinymce textwidget\">\n\t<p><img loading=\"lazy\" decoding=\"async\" class=\"alignnone  wp-image-5320\" src=\"https:\/\/khg-marburg.eu\/wp-content\/uploads\/2023\/04\/Segen-fuer-alle-final-Instagram-Post-Quadratisch-1024x1024.png\" alt=\"\" width=\"435\" height=\"435\" srcset=\"https:\/\/khg-marburg.eu\/wp-content\/uploads\/2023\/04\/Segen-fuer-alle-final-Instagram-Post-Quadratisch-1024x1024.png 1024w, https:\/\/khg-marburg.eu\/wp-content\/uploads\/2023\/04\/Segen-fuer-alle-final-Instagram-Post-Quadratisch-300x300.png 300w, https:\/\/khg-marburg.eu\/wp-content\/uploads\/2023\/04\/Segen-fuer-alle-final-Instagram-Post-Quadratisch-150x150.png 150w, https:\/\/khg-marburg.eu\/wp-content\/uploads\/2023\/04\/Segen-fuer-alle-final-Instagram-Post-Quadratisch-768x768.png 768w, https:\/\/khg-marburg.eu\/wp-content\/uploads\/2023\/04\/Segen-fuer-alle-final-Instagram-Post-Quadratisch.png 1080w\" sizes=\"(max-width: 435px) 100vw, 435px\" \/><\/p>\n<\/div>\n<\/div><\/div><div id=\"panel-276-3-1-1\" class=\"so-panel widget widget_sow-editor panel-last-child\" data-index=\"10\" ><div\n\t\t\t\n\t\t\tclass=\"so-widget-sow-editor so-widget-sow-editor-base\"\n\t\t\t\n\t\t><h3 class=\"widget-title\">Segen f\u00fcr ALLE*<\/h3>\n<div class=\"siteorigin-widget-tinymce textwidget\">\n\t<div>\n<p>Zum Jahrestag der Aktion #liebegewinnt laden wir herzlich zu einer Segensfeiert f\u00fcr alle* ein! Egal ob P\u00e4rchen oder Single, queer oder Ally, wir wollen gemeinsam Gottes Segen teilen und erfahren.<br \/>\nIm Anschluss an den Segnungsgottesdienst gibt es ein Picknick (je nach Wetterlage: in- oder outdoor) mit Gelegenheit zum offenen Austausch.<\/p>\n<p>10.05.2023 (Mi)<br \/>\n19 Uhr Segen f\u00fcr ALLE*<br \/>\nab 20:00 Uhr Begegnungsabend<br \/>\nSt. Peter &amp; Paul Kirche, Biegenstra\u00dfe 18<\/p>\n<p><strong>Kontakt:<\/strong> <a href=\"http:\/\/pia@khg-marburg.de\" data-cke-saved-href=\"http:\/\/pia@khg-marburg.de\">pia@khg-marburg.de<\/a><\/p>\n<p>&nbsp;<\/p>\n<\/div>\n<\/div>\n<\/div><\/div><\/div><div id=\"pgc-276-3-2\"  class=\"panel-grid-cell\" ><div id=\"panel-276-3-2-0\" class=\"so-panel widget widget_sow-editor panel-first-child\" data-index=\"11\" ><div\n\t\t\t\n\t\t\tclass=\"so-widget-sow-editor so-widget-sow-editor-base\"\n\t\t\t\n\t\t>\n<div class=\"siteorigin-widget-tinymce textwidget\">\n\t<p><img loading=\"lazy\" decoding=\"async\" class=\"alignnone  wp-image-5316\" src=\"https:\/\/khg-marburg.eu\/wp-content\/uploads\/2023\/04\/Anmeldung-KHG-Fahrt-Instagram-Post-Quadratisch-1-1-1024x1024.png\" alt=\"\" width=\"435\" height=\"435\" srcset=\"https:\/\/khg-marburg.eu\/wp-content\/uploads\/2023\/04\/Anmeldung-KHG-Fahrt-Instagram-Post-Quadratisch-1-1-1024x1024.png 1024w, https:\/\/khg-marburg.eu\/wp-content\/uploads\/2023\/04\/Anmeldung-KHG-Fahrt-Instagram-Post-Quadratisch-1-1-300x300.png 300w, https:\/\/khg-marburg.eu\/wp-content\/uploads\/2023\/04\/Anmeldung-KHG-Fahrt-Instagram-Post-Quadratisch-1-1-150x150.png 150w, https:\/\/khg-marburg.eu\/wp-content\/uploads\/2023\/04\/Anmeldung-KHG-Fahrt-Instagram-Post-Quadratisch-1-1-768x768.png 768w, https:\/\/khg-marburg.eu\/wp-content\/uploads\/2023\/04\/Anmeldung-KHG-Fahrt-Instagram-Post-Quadratisch-1-1.png 1080w\" sizes=\"(max-width: 435px) 100vw, 435px\" \/><\/p>\n<\/div>\n<\/div><\/div><div id=\"panel-276-3-2-1\" class=\"so-panel widget widget_sow-editor panel-last-child\" data-index=\"12\" ><div\n\t\t\t\n\t\t\tclass=\"so-widget-sow-editor so-widget-sow-editor-base\"\n\t\t\t\n\t\t><h3 class=\"widget-title\">Die KHG-Marburg geht auf Reisen<\/h3>\n<div class=\"siteorigin-widget-tinymce textwidget\">\n\t<div>\n<p>Jetzt anmelden f\u00fcr unsere Fahrt zum Mont-Saint-Michel &amp; Umgebung!<br \/>\nVom <strong>1. bis 8. Oktober 2023<\/strong> fahren wir gemeinsam in die Normandie.<br \/>\nIhr wollt dabei sein? Dann meldet euch bis zum 30. Juni an.<br \/>\nAlle Infos zur Fahrt, zu den Kosten und das Anmeldeformular findet ihr <strong><a href=\"https:\/\/khg-marburg.eu\/wp-content\/uploads\/2023\/04\/Anmeldung-Mont-Saint-Michel-2.pdf\">hier<\/a>.<\/strong><\/p>\n<p><strong>Kontakt:<\/strong> <a href=\"mailto:Viola.sinsel@bistum-fulda.de\">Viola.sinsel@bistum-fulda.de<\/a><\/p>\n<\/div>\n<div><\/div>\n<\/div>\n<\/div><\/div><\/div><\/div><div id=\"pg-276-4\"  class=\"panel-grid panel-no-style\" ><div id=\"pgc-276-4-0\"  class=\"panel-grid-cell panel-grid-cell-empty\" ><\/div><\/div><div id=\"pg-276-5\"  class=\"panel-grid panel-no-style\" ><div id=\"pgc-276-5-0\"  class=\"panel-grid-cell\" ><div id=\"panel-276-5-0-0\" class=\"so-panel widget widget_sow-editor panel-first-child\" data-index=\"13\" ><div\n\t\t\t\n\t\t\tclass=\"so-widget-sow-editor so-widget-sow-editor-base\"\n\t\t\t\n\t\t>\n<div class=\"siteorigin-widget-tinymce textwidget\">\n\t<p><img loading=\"lazy\" decoding=\"async\" class=\"alignnone  wp-image-5262\" src=\"https:\/\/khg-marburg.eu\/wp-content\/uploads\/2023\/04\/Morning-Prayer-AprilMai-Instagram-Post-Quadratisch-1-1024x1024.png\" alt=\"\" width=\"435\" height=\"435\" srcset=\"https:\/\/khg-marburg.eu\/wp-content\/uploads\/2023\/04\/Morning-Prayer-AprilMai-Instagram-Post-Quadratisch-1-1024x1024.png 1024w, https:\/\/khg-marburg.eu\/wp-content\/uploads\/2023\/04\/Morning-Prayer-AprilMai-Instagram-Post-Quadratisch-1-300x300.png 300w, https:\/\/khg-marburg.eu\/wp-content\/uploads\/2023\/04\/Morning-Prayer-AprilMai-Instagram-Post-Quadratisch-1-150x150.png 150w, https:\/\/khg-marburg.eu\/wp-content\/uploads\/2023\/04\/Morning-Prayer-AprilMai-Instagram-Post-Quadratisch-1-768x768.png 768w, https:\/\/khg-marburg.eu\/wp-content\/uploads\/2023\/04\/Morning-Prayer-AprilMai-Instagram-Post-Quadratisch-1.png 1080w\" sizes=\"(max-width: 435px) 100vw, 435px\" \/><\/p>\n<\/div>\n<\/div><\/div><div id=\"panel-276-5-0-1\" class=\"so-panel widget widget_sow-editor panel-last-child\" data-index=\"14\" ><div\n\t\t\t\n\t\t\tclass=\"so-widget-sow-editor so-widget-sow-editor-base\"\n\t\t\t\n\t\t><h3 class=\"widget-title\">Morning prayer<\/h3>\n<div class=\"siteorigin-widget-tinymce textwidget\">\n\t<p><strong>Start your day right!<\/strong><\/p>\n<p><strong>freitags - 14t\u00e4gig<\/strong><br \/>\n<strong>7:00 Uhr<\/strong><br \/>\n<strong>St. Peter &amp; Paul (Biegenstra\u00dfe 18)<\/strong><\/p>\n<p>Zusammen in den Tag starten mit Gebet, Taiz\u00e9ges\u00e4ngen und leckerem Fr\u00fchst\u00fcck.<\/p>\n<\/div>\n<\/div><\/div><\/div><div id=\"pgc-276-5-1\"  class=\"panel-grid-cell\" ><div id=\"panel-276-5-1-0\" class=\"so-panel widget widget_sow-editor panel-first-child\" data-index=\"15\" ><div\n\t\t\t\n\t\t\tclass=\"so-widget-sow-editor so-widget-sow-editor-base\"\n\t\t\t\n\t\t>\n<div class=\"siteorigin-widget-tinymce textwidget\">\n\t<p><img loading=\"lazy\" decoding=\"async\" class=\"alignnone  wp-image-5263\" src=\"https:\/\/khg-marburg.eu\/wp-content\/uploads\/2023\/04\/Kopie-von-KHG-SPIRITUELL-2022.23-Instagram-Post-Quadratisch-1024x1024.png\" alt=\"\" width=\"435\" height=\"435\" srcset=\"https:\/\/khg-marburg.eu\/wp-content\/uploads\/2023\/04\/Kopie-von-KHG-SPIRITUELL-2022.23-Instagram-Post-Quadratisch-1024x1024.png 1024w, https:\/\/khg-marburg.eu\/wp-content\/uploads\/2023\/04\/Kopie-von-KHG-SPIRITUELL-2022.23-Instagram-Post-Quadratisch-300x300.png 300w, https:\/\/khg-marburg.eu\/wp-content\/uploads\/2023\/04\/Kopie-von-KHG-SPIRITUELL-2022.23-Instagram-Post-Quadratisch-150x150.png 150w, https:\/\/khg-marburg.eu\/wp-content\/uploads\/2023\/04\/Kopie-von-KHG-SPIRITUELL-2022.23-Instagram-Post-Quadratisch-768x768.png 768w, https:\/\/khg-marburg.eu\/wp-content\/uploads\/2023\/04\/Kopie-von-KHG-SPIRITUELL-2022.23-Instagram-Post-Quadratisch.png 1080w\" sizes=\"(max-width: 435px) 100vw, 435px\" \/><\/p>\n<\/div>\n<\/div><\/div><div id=\"panel-276-5-1-1\" class=\"so-panel widget widget_sow-editor panel-last-child\" data-index=\"16\" ><div\n\t\t\t\n\t\t\tclass=\"so-widget-sow-editor so-widget-sow-editor-base\"\n\t\t\t\n\t\t><h3 class=\"widget-title\">KHG Hochschul-Gottesdienst<\/h3>\n<div class=\"siteorigin-widget-tinymce textwidget\">\n\t<p>&nbsp;<\/p>\n<p><strong>Jeden Sonntag<br \/>\n<\/strong><strong> 18 Uhr<br \/>\nSt. Peter &amp; Paul (<\/strong><strong>Biegenstra\u00dfe 18)<\/strong><\/p>\n<\/div>\n<\/div><\/div><\/div><div id=\"pgc-276-5-2\"  class=\"panel-grid-cell\" ><div id=\"panel-276-5-2-0\" class=\"so-panel widget widget_sow-editor panel-first-child\" data-index=\"17\" ><div\n\t\t\t\n\t\t\tclass=\"so-widget-sow-editor so-widget-sow-editor-base\"\n\t\t\t\n\t\t>\n<div class=\"siteorigin-widget-tinymce textwidget\">\n\t<p><img loading=\"lazy\" decoding=\"async\" class=\"alignnone  wp-image-5265\" src=\"https:\/\/khg-marburg.eu\/wp-content\/uploads\/2023\/04\/2023-NIGHTPRAYER-Instagram-Post-Quadratisch-1024x1024.png\" alt=\"\" width=\"435\" height=\"435\" srcset=\"https:\/\/khg-marburg.eu\/wp-content\/uploads\/2023\/04\/2023-NIGHTPRAYER-Instagram-Post-Quadratisch-1024x1024.png 1024w, https:\/\/khg-marburg.eu\/wp-content\/uploads\/2023\/04\/2023-NIGHTPRAYER-Instagram-Post-Quadratisch-300x300.png 300w, https:\/\/khg-marburg.eu\/wp-content\/uploads\/2023\/04\/2023-NIGHTPRAYER-Instagram-Post-Quadratisch-150x150.png 150w, https:\/\/khg-marburg.eu\/wp-content\/uploads\/2023\/04\/2023-NIGHTPRAYER-Instagram-Post-Quadratisch-768x768.png 768w, https:\/\/khg-marburg.eu\/wp-content\/uploads\/2023\/04\/2023-NIGHTPRAYER-Instagram-Post-Quadratisch.png 1080w\" sizes=\"(max-width: 435px) 100vw, 435px\" \/><\/p>\n<\/div>\n<\/div><\/div><div id=\"panel-276-5-2-1\" class=\"so-panel widget widget_sow-editor panel-last-child\" data-index=\"18\" ><div\n\t\t\t\n\t\t\tclass=\"so-widget-sow-editor so-widget-sow-editor-base\"\n\t\t\t\n\t\t><h3 class=\"widget-title\">Nightprayer<\/h3>\n<div class=\"siteorigin-widget-tinymce textwidget\">\n\t<p><strong>13.05.2023(Sa)<\/strong><\/p>\n<p><strong>18:30 Uhr <span class=\"S1PPyQ\">Eucharistiefeier<br \/>\nab 19:30 Uhr Gebet, Gesang, Gespr\u00e4ch<br \/>\n<\/span><\/strong><strong>St. Peter &amp; Paul (<\/strong><strong>Biegenstra\u00dfe 18)<\/strong><\/p>\n<\/div>\n<\/div><\/div><\/div><\/div><div id=\"pg-276-6\"  class=\"panel-grid panel-no-style\" ><div id=\"pgc-276-6-0\"  class=\"panel-grid-cell panel-grid-cell-empty\" ><\/div><div id=\"pgc-276-6-1\"  class=\"panel-grid-cell panel-grid-cell-empty panel-grid-cell-mobile-last\" ><\/div><div id=\"pgc-276-6-2\"  class=\"panel-grid-cell panel-grid-cell-empty\" ><\/div><\/div><div id=\"pg-276-7\"  class=\"panel-grid panel-no-style\" ><div id=\"pgc-276-7-0\"  class=\"panel-grid-cell\" ><div id=\"panel-276-7-0-0\" class=\"so-panel widget widget_siteorigin-panels-builder panel-first-child panel-last-child\" data-index=\"19\" ><div id=\"pl-w63ef614e07d33\"  class=\"panel-layout\" ><div id=\"pg-w63ef614e07d33-0\"  class=\"panel-grid panel-no-style\" ><div id=\"pgc-w63ef614e07d33-0-0\"  class=\"panel-grid-cell\" ><div id=\"panel-w63ef614e07d33-0-0-0\" class=\"so-panel widget widget_sow-hero panel-first-child panel-last-child\" data-index=\"0\" ><div class=\"panel-widget-style panel-widget-style-for-w63ef614e07d33-0-0-0\" ><div\n\t\t\t\n\t\t\tclass=\"so-widget-sow-hero so-widget-sow-hero-default-cc538a04e912 so-widget-fittext-wrapper\"\n\t\t\t data-fit-text-compressor=\"0.85\"\n\t\t>\t\t\t\t<div class=\"sow-slider-base\" style=\"display: none\" tabindex=\"0\">\n\t\t\t\t\t<ul\n\t\t\t\t\tclass=\"sow-slider-images\"\n\t\t\t\t\tdata-settings=\"{&quot;pagination&quot;:true,&quot;speed&quot;:800,&quot;timeout&quot;:8000,&quot;paused&quot;:false,&quot;pause_on_hover&quot;:false,&quot;swipe&quot;:true,&quot;nav_always_show_desktop&quot;:&quot;&quot;,&quot;nav_always_show_mobile&quot;:&quot;&quot;,&quot;breakpoint&quot;:&quot;780px&quot;,&quot;unmute&quot;:false,&quot;anchor&quot;:null}\"\n\t\t\t\t\t\t\t\t\t\tdata-anchor-id=\"\"\n\t\t\t\t>\t\t<li class=\"sow-slider-image\" style=\"visibility: visible;;background-color: #333333;cursor: pointer;\" data-url=\"{&quot;url&quot;:&quot;https:\\\/\\\/khg-marburg.eu\\\/index.php\\\/ueber-uns\\\/up-to-date\\\/&quot;,&quot;new_window&quot;:false}\" >\n\t\t\t\t\t<div class=\"sow-slider-image-container\">\n\t\t\t<div class=\"sow-slider-image-wrapper\">\n\t\t\t\t<h1 style=\"text-align: center\">Up to date<\/h1>\n\t\t\t<\/div>\n\t\t<\/div>\n\t\t\t\t<\/li>\n\t\t<\/ul>\t\t\t\t<ol class=\"sow-slider-pagination\">\n\t\t\t\t\t\t\t\t\t\t\t<li><a href=\"#\" data-goto=\"0\" aria-label=\"Display slide 1\"><\/a><\/li>\n\t\t\t\t\t\t\t\t\t<\/ol>\n\n\t\t\t\t<div class=\"sow-slide-nav sow-slide-nav-next\">\n\t\t\t\t\t<a href=\"#\" data-goto=\"next\" aria-label=\"Next slide\" data-action=\"next\">\n\t\t\t\t\t\t<em class=\"sow-sld-icon-thin-right\"><\/em>\n\t\t\t\t\t<\/a>\n\t\t\t\t<\/div>\n\n\t\t\t\t<div class=\"sow-slide-nav sow-slide-nav-prev\">\n\t\t\t\t\t<a href=\"#\" data-goto=\"previous\" aria-label=\"Previous slide\" data-action=\"prev\">\n\t\t\t\t\t\t<em class=\"sow-sld-icon-thin-left\"><\/em>\n\t\t\t\t\t<\/a>\n\t\t\t\t<\/div>\n\t\t\t\t<\/div><\/div><\/div><\/div><\/div><\/div><\/div><\/div><\/div><\/div><div id=\"pg-276-8\"  class=\"panel-grid panel-no-style\" ><div id=\"pgc-276-8-0\"  class=\"panel-grid-cell\" ><div id=\"panel-276-8-0-0\" class=\"so-panel widget widget_sow-editor panel-first-child panel-last-child\" data-index=\"20\" ><div\n\t\t\t\n\t\t\tclass=\"so-widget-sow-editor so-widget-sow-editor-base\"\n\t\t\t\n\t\t>\n<div class=\"siteorigin-widget-tinymce textwidget\">\n\t<h3 style=\"text-align: left;\"><strong>#OutInChurch<\/strong><\/h3>\n<p><img loading=\"lazy\" decoding=\"async\" class=\"size-medium wp-image-3752 alignleft\" src=\"https:\/\/khg-marburg.eu\/wp-content\/uploads\/2022\/01\/KHG-Marburg-300x300.png\" alt=\"\" width=\"300\" height=\"300\" srcset=\"https:\/\/khg-marburg.eu\/wp-content\/uploads\/2022\/01\/KHG-Marburg-300x300.png 300w, https:\/\/khg-marburg.eu\/wp-content\/uploads\/2022\/01\/KHG-Marburg-1024x1024.png 1024w, https:\/\/khg-marburg.eu\/wp-content\/uploads\/2022\/01\/KHG-Marburg-150x150.png 150w, https:\/\/khg-marburg.eu\/wp-content\/uploads\/2022\/01\/KHG-Marburg-768x768.png 768w, https:\/\/khg-marburg.eu\/wp-content\/uploads\/2022\/01\/KHG-Marburg.png 1080w\" sizes=\"(max-width: 300px) 100vw, 300px\" \/><\/p>\n<div class=\"kvgmc6g5 cxmmr5t8 oygrvhab hcukyx3x c1et5uql ii04i59q\">\n<div dir=\"auto\">Es ist Zeit zur Ver\u00e4nderung!<\/div>\n<div dir=\"auto\">Vielen Dank allen Beteiligten von <a class=\"oajrlxb2 g5ia77u1 qu0x051f esr5mh6w e9989ue4 r7d6kgcz rq0escxv nhd2j8a9 nc684nl6 p7hjln8o kvgmc6g5 cxmmr5t8 oygrvhab hcukyx3x jb3vyjys rz4wbd8a qt6c0cv9 a8nywdso i1ao9s8h esuyzwwr f1sip0of lzcic4wl gpro0wi8 q66pz984 b1v8xokw\" tabindex=\"0\" role=\"link\" href=\"https:\/\/www.facebook.com\/OutInChurch\/?__cft__[0]=AZUDIYYD2bBGtrZY8caOypbNVY4ln4L7qki-3gWCvKueAhuZwZWd5NDBROGPmiibWhinqffucXnUKK4_cZ3mEiOjnQojQdW7QlWfhZV9cG0-JhOwvZr4sWikQdJHtDv3ZDcgEPQrEcznZeHzgI02chFvSwMSQcoh9Og0dUhw9Y71UMbBlI6yta4zzHzQeQvydF4&amp;__tn__=kK-R\"><span class=\"nc684nl6\">Out In Church - F\u00fcr eine Kirche ohne Angst<\/span><\/a> f\u00fcr Euren Mut und Eure Offenheit. Wir stehen hinter Euch und unterst\u00fctzen Euch!<\/div>\n<\/div>\n<div class=\"cxmmr5t8 oygrvhab hcukyx3x c1et5uql o9v6fnle ii04i59q\">\n<div dir=\"auto\">\n- Der Gemeinderat der KHG Marburg<\/div>\n<div dir=\"auto\"><\/div>\n<\/div>\n<div class=\"cxmmr5t8 oygrvhab hcukyx3x c1et5uql o9v6fnle ii04i59q\">\n<div dir=\"auto\">Zur Aktion gibt es auch eine Doku \"Wie Gott uns schuf\". Link zur\u00a0findet Ihr hier: <a class=\"oajrlxb2 g5ia77u1 qu0x051f esr5mh6w e9989ue4 r7d6kgcz rq0escxv nhd2j8a9 nc684nl6 p7hjln8o kvgmc6g5 cxmmr5t8 oygrvhab hcukyx3x jb3vyjys rz4wbd8a qt6c0cv9 a8nywdso i1ao9s8h esuyzwwr f1sip0of lzcic4wl gpro0wi8 py34i1dx\" tabindex=\"0\" role=\"link\" href=\"https:\/\/bit.ly\/3AofeWs?fbclid=IwAR0lim9x-oEzy4lOmUY3vQVsLsytr_MR2fC7bE3ZPp7N3NGw84plBxb67a8\" target=\"_blank\" rel=\"nofollow noopener\">https:\/\/bit.ly\/3AofeWs<\/a><\/div>\n<\/div>\n<div class=\"cxmmr5t8 oygrvhab hcukyx3x c1et5uql o9v6fnle ii04i59q\">\n<div dir=\"auto\"><\/div>\n<\/div>\n<\/div>\n<\/div><\/div><\/div><div id=\"pgc-276-8-1\"  class=\"panel-grid-cell\" ><div id=\"panel-276-8-1-0\" class=\"so-panel widget widget_sow-editor panel-first-child panel-last-child\" data-index=\"21\" ><div\n\t\t\t\n\t\t\tclass=\"so-widget-sow-editor so-widget-sow-editor-base\"\n\t\t\t\n\t\t>\n<div class=\"siteorigin-widget-tinymce textwidget\">\n\t<h3 style=\"text-align: left;\"><strong>#Briefaktion<\/strong><\/h3>\n<p><img decoding=\"async\" class=\" wp-image-3591 alignleft\" src=\"https:\/\/khg-marburg.eu\/wp-content\/uploads\/2022\/02\/briefaktion.png\" alt=\"\" width=\"279\" \/><\/p>\n<p>Wir haben einen Brief der Ermutigung an die reformorientierten Kr\u00e4fte innerhalb der Kirche geschickt.<\/p>\n<p><a href=\"https:\/\/khg-marburg.eu\/wp-content\/uploads\/2022\/02\/Brief_KHG.pdf\">Link zum Brief (PDF)<\/a><\/p>\n<p style=\"text-align: left;\">#outinchurch #Missbrauch #Aufkl\u00e4rung #KHGMarburg #KatholischeKirche<\/p>\n<\/div>\n<\/div><\/div><\/div><\/div><div id=\"pg-276-9\"  class=\"panel-grid panel-no-style\" ><div id=\"pgc-276-9-0\"  class=\"panel-grid-cell\" ><div id=\"panel-276-9-0-0\" class=\"so-panel widget widget_sow-image panel-first-child\" data-index=\"22\" ><div\n\t\t\t\n\t\t\tclass=\"so-widget-sow-image so-widget-sow-image-default-8b5b6f678277-276\"\n\t\t\t\n\t\t><\/div><\/div><div id=\"panel-276-9-0-1\" class=\"so-panel widget widget_sow-layout-slider panel-last-child\" data-index=\"23\" ><div\n\t\t\t\n\t\t\tclass=\"so-widget-sow-layout-slider so-widget-sow-layout-slider-default-9887937e7b08-276\"\n\t\t\t\n\t\t>\t\t\t\t<div class=\"sow-slider-base\" style=\"display: none\" tabindex=\"0\">\n\t\t\t\t\t<ul\n\t\t\t\t\tclass=\"sow-slider-images\"\n\t\t\t\t\tdata-settings=\"{&quot;pagination&quot;:true,&quot;speed&quot;:800,&quot;timeout&quot;:8000,&quot;paused&quot;:false,&quot;pause_on_hover&quot;:false,&quot;swipe&quot;:true,&quot;nav_always_show_desktop&quot;:&quot;&quot;,&quot;nav_always_show_mobile&quot;:&quot;&quot;,&quot;breakpoint&quot;:&quot;780px&quot;,&quot;unmute&quot;:false,&quot;anchor&quot;:null}\"\n\t\t\t\t\t\t\t\t\t\tdata-anchor-id=\"\"\n\t\t\t\t><\/ul>\t\t\t\t<ol class=\"sow-slider-pagination\">\n\t\t\t\t\t\t\t\t\t<\/ol>\n\n\t\t\t\t<div class=\"sow-slide-nav sow-slide-nav-next\">\n\t\t\t\t\t<a href=\"#\" data-goto=\"next\" aria-label=\"Next slide\" data-action=\"next\">\n\t\t\t\t\t\t<em class=\"sow-sld-icon-thin-right\"><\/em>\n\t\t\t\t\t<\/a>\n\t\t\t\t<\/div>\n\n\t\t\t\t<div class=\"sow-slide-nav sow-slide-nav-prev\">\n\t\t\t\t\t<a href=\"#\" data-goto=\"previous\" aria-label=\"Previous slide\" data-action=\"prev\">\n\t\t\t\t\t\t<em class=\"sow-sld-icon-thin-left\"><\/em>\n\t\t\t\t\t<\/a>\n\t\t\t\t<\/div>\n\t\t\t\t<\/div><\/div><\/div><\/div><div id=\"pgc-276-9-1\"  class=\"panel-grid-cell\" ><div id=\"panel-276-9-1-0\" class=\"so-panel widget widget_sow-editor panel-first-child panel-last-child\" data-index=\"24\" ><div\n\t\t\t\n\t\t\tclass=\"so-widget-sow-editor so-widget-sow-editor-base\"\n\t\t\t\n\t\t>\n<div class=\"siteorigin-widget-tinymce textwidget\">\n\t<h2 style=\"text-align: center;\">#Solidarit\u00e4t<\/h2>\n<p style=\"text-align: center;\">Aus Solidarit\u00e4t mit der KHG K\u00f6ln findet ihr hier das umstrittene <a href=\"http:\/\/khg-marburg.eu\/wp-content\/uploads\/2020\/11\/positionspapier_der_khg_koln.pdf\" target=\"_blank\" rel=\"noopener noreferrer\">Positionspapier<\/a> und die <a href=\"https:\/\/l.facebook.com\/l.php?u=http%3A%2F%2Fwww.fhok.de%2F2020%2F11%2Funverstaendnis-und-empoerung-ueber-die-vorgaenge-um-die-khg-koeln%2F%3Ffbclid%3DIwAR1AKDhKD5WUtKjI8lC39RYCaYsA2teXnx7J1J899_HfJ4LFDqcjlEkMHFs&amp;h=AT0f7WhmIL-Sxw9MLl6n7-jNhHYZrkKnB0vTSj0FPg8SMzytfrMm2v-Zr4GScBF5RaTeTyvceSFQ_yXuQPIHhssoENwH-AXwcScTsVXngWBpO0899Po8T7HrxjAKVynWb2ST8QkdnFm-7fS1VcFTIeKJFT4U2ap9-6ep0cD8tXbWu8NzjCLNz9C8B9XsRcMiGVDYMr73wsUFMYFMv62csTLrRV4vPdGA3duFedtiSi1Tku0flIHBiJI0dLvxTE6-geex04xgL-5QVJhmRRJA786y2snzLUyg6viUe7QGJLr2gS23akHcGpmgO3B170UWr_7T0ec6D6CeYqfdjzxksa0SdOj6zYhh3oUmLIwS4WXObuM6Qtg5CQVnOk_OsTCjM3e3wrXMI4Ez5BYXUSzSxTwcuAeuoDu9Q-d2VCjxDTZEJ8B30zPiCm2boloTaUGYQv6oGdoZLRTfjl4Ma0mfDVO-3-bSsAacRnUgpvXux-2oN34o5vNmw9XHRQnZ_fyVx4Y-j3mne32eFW8tISCYw5FmRqnLFzqGSK4lvxXB7I1Yc10oZzcjdIX0YPPmSgiL81ggeAz3wMdC9DkMC1V-hslkAU5fK0mbpLK7Bpd0D3Sr3Lwnts9Oz1WduzBreCFuMJQOhJikuTUwtFD3oPyU3w\" target=\"_blank\" rel=\"noopener noreferrer\">Stellungnahme des AKH.<\/a><\/p>\n<\/div>\n<\/div><\/div><\/div><div id=\"pgc-276-9-2\"  class=\"panel-grid-cell\" ><div id=\"panel-276-9-2-0\" class=\"so-panel widget widget_sow-image panel-first-child panel-last-child\" data-index=\"25\" ><div\n\t\t\t\n\t\t\tclass=\"so-widget-sow-image so-widget-sow-image-default-8b5b6f678277-276\"\n\t\t\t\n\t\t><\/div><\/div><\/div><\/div><\/div>","protected":false},"excerpt":{"rendered":"<p>WILLKOMMEN in der katholischen Hochschulgemeinde Marburg! Wir sind eine offene und lebendige Gemeinschaft. DU bist herzlich eingeladen! Unabh\u00e4ngig von Geschlecht, Lebensphase, Sexueller Orientierung, Religion und Herkunft. Themenabende, Gottesdienste, Gespr\u00e4che, Fahrten,&#8230;<\/p>\n","protected":false},"author":2,"featured_media":0,"parent":5009,"menu_order":0,"comment_status":"closed","ping_status":"closed","template":"","meta":{"inline_featured_image":false,"_kadence_starter_templates_imported_post":false,"_kad_post_transparent":"default","_kad_post_title":"default","_kad_post_layout":"default","_kad_post_sidebar_id":"","_kad_post_content_style":"default","_kad_post_vertical_padding":"default","_kad_post_feature":"","_kad_post_feature_position":"","_kad_post_header":false,"_kad_post_footer":false,"footnotes":""},"yoast_head":"<!-- This site is optimized with the Yoast SEO plugin v22.3 - https:\/\/yoast.com\/wordpress\/plugins\/seo\/ -->\n<title>KATHOLISCH HEUTE GEDACHT - Katholische Hochschulgemeinde Marburg<\/title>\n<meta name=\"description\" content=\"Katholische Hochschulgemeinde am Campus der Uni Marburg. Wir sind eine Katholische Kirche in Marburg. Infos zu Gottesdiensten und Aktionen.\" \/>\n<meta name=\"robots\" content=\"index, follow, max-snippet:-1, max-image-preview:large, max-video-preview:-1\" \/>\n<link rel=\"canonical\" href=\"https:\/\/khg-marburg.eu\/index.php\/a1-katholische-hoschschulgemeinde-marburg\/startseite\/\" \/>\n<meta property=\"og:locale\" content=\"de_DE\" \/>\n<meta property=\"og:type\" content=\"article\" \/>\n<meta property=\"og:title\" content=\"KATHOLISCH HEUTE GEDACHT - Katholische Hochschulgemeinde Marburg\" \/>\n<meta property=\"og:description\" content=\"Katholische Hochschulgemeinde am Campus der Uni Marburg. Wir sind eine Katholische Kirche in Marburg. Infos zu Gottesdiensten und Aktionen.\" \/>\n<meta property=\"og:url\" content=\"https:\/\/khg-marburg.eu\/index.php\/a1-katholische-hoschschulgemeinde-marburg\/startseite\/\" \/>\n<meta property=\"og:site_name\" content=\"Katholische Hochschulgemeinde Marburg\" \/>\n<meta property=\"article:publisher\" content=\"https:\/\/www.facebook.com\/KHGMarburg\" \/>\n<meta property=\"article:modified_time\" content=\"2023-05-02T06:23:49+00:00\" \/>\n<meta property=\"og:image\" content=\"https:\/\/khg-marburg.eu\/wp-content\/uploads\/2023\/04\/Webseite-final-1-1024x424.png\" \/>\n<meta name=\"twitter:card\" content=\"summary_large_image\" \/>\n<meta name=\"twitter:label1\" content=\"Gesch\u00e4tzte Lesezeit\" \/>\n\t<meta name=\"twitter:data1\" content=\"5\u00a0Minuten\" \/>\n<script type=\"application\/ld+json\" class=\"yoast-schema-graph\">{\"@context\":\"https:\/\/schema.org\",\"@graph\":[{\"@type\":\"WebPage\",\"@id\":\"https:\/\/khg-marburg.eu\/index.php\/a1-katholische-hoschschulgemeinde-marburg\/startseite\/\",\"url\":\"https:\/\/khg-marburg.eu\/index.php\/a1-katholische-hoschschulgemeinde-marburg\/startseite\/\",\"name\":\"KATHOLISCH HEUTE GEDACHT - Katholische Hochschulgemeinde Marburg\",\"isPartOf\":{\"@id\":\"https:\/\/khg-marburg.eu\/#website\"},\"primaryImageOfPage\":{\"@id\":\"https:\/\/khg-marburg.eu\/index.php\/a1-katholische-hoschschulgemeinde-marburg\/startseite\/#primaryimage\"},\"image\":{\"@id\":\"https:\/\/khg-marburg.eu\/index.php\/a1-katholische-hoschschulgemeinde-marburg\/startseite\/#primaryimage\"},\"thumbnailUrl\":\"https:\/\/khg-marburg.eu\/wp-content\/uploads\/2023\/04\/Webseite-final-1-1024x424.png\",\"datePublished\":\"2019-05-23T18:27:06+00:00\",\"dateModified\":\"2023-05-02T06:23:49+00:00\",\"description\":\"Katholische Hochschulgemeinde am Campus der Uni Marburg. Wir sind eine Katholische Kirche in Marburg. Infos zu Gottesdiensten und Aktionen.\",\"breadcrumb\":{\"@id\":\"https:\/\/khg-marburg.eu\/index.php\/a1-katholische-hoschschulgemeinde-marburg\/startseite\/#breadcrumb\"},\"inLanguage\":\"de\",\"potentialAction\":[{\"@type\":\"ReadAction\",\"target\":[\"https:\/\/khg-marburg.eu\/index.php\/a1-katholische-hoschschulgemeinde-marburg\/startseite\/\"]}]},{\"@type\":\"ImageObject\",\"inLanguage\":\"de\",\"@id\":\"https:\/\/khg-marburg.eu\/index.php\/a1-katholische-hoschschulgemeinde-marburg\/startseite\/#primaryimage\",\"url\":\"https:\/\/khg-marburg.eu\/wp-content\/uploads\/2023\/04\/Webseite-final-1.png\",\"contentUrl\":\"https:\/\/khg-marburg.eu\/wp-content\/uploads\/2023\/04\/Webseite-final-1.png\",\"width\":6884,\"height\":2849},{\"@type\":\"BreadcrumbList\",\"@id\":\"https:\/\/khg-marburg.eu\/index.php\/a1-katholische-hoschschulgemeinde-marburg\/startseite\/#breadcrumb\",\"itemListElement\":[{\"@type\":\"ListItem\",\"position\":1,\"name\":\"Startseite\",\"item\":\"https:\/\/khg-marburg.eu\/\"},{\"@type\":\"ListItem\",\"position\":2,\"name\":\"Katholische Hochschulgemeinde Marburg\",\"item\":\"https:\/\/khg-marburg.eu\/\"},{\"@type\":\"ListItem\",\"position\":3,\"name\":\"KATHOLISCH HEUTE GEDACHT\"}]},{\"@type\":\"WebSite\",\"@id\":\"https:\/\/khg-marburg.eu\/#website\",\"url\":\"https:\/\/khg-marburg.eu\/\",\"name\":\"Katholische Hochschulgemeinde Marburg\",\"description\":\"Die Katholische Hochschulgemeinde - Katholische Kirche in Marburg\",\"publisher\":{\"@id\":\"https:\/\/khg-marburg.eu\/#organization\"},\"potentialAction\":[{\"@type\":\"SearchAction\",\"target\":{\"@type\":\"EntryPoint\",\"urlTemplate\":\"https:\/\/khg-marburg.eu\/?s={search_term_string}\"},\"query-input\":\"required name=search_term_string\"}],\"inLanguage\":\"de\"},{\"@type\":\"Organization\",\"@id\":\"https:\/\/khg-marburg.eu\/#organization\",\"name\":\"Katholische Hochschulgemeinde Marburg\",\"url\":\"https:\/\/khg-marburg.eu\/\",\"logo\":{\"@type\":\"ImageObject\",\"inLanguage\":\"de\",\"@id\":\"https:\/\/khg-marburg.eu\/#\/schema\/logo\/image\/\",\"url\":\"https:\/\/khg-marburg.eu\/wp-content\/uploads\/2020\/04\/logo_wei\u00df.jpg\",\"contentUrl\":\"https:\/\/khg-marburg.eu\/wp-content\/uploads\/2020\/04\/logo_wei\u00df.jpg\",\"width\":750,\"height\":650,\"caption\":\"Katholische Hochschulgemeinde Marburg\"},\"image\":{\"@id\":\"https:\/\/khg-marburg.eu\/#\/schema\/logo\/image\/\"},\"sameAs\":[\"https:\/\/www.facebook.com\/KHGMarburg\",\"https:\/\/www.instagram.com\/khgmarburg\/\"]}]}<\/script>\n<!-- \/ Yoast SEO plugin. -->","yoast_head_json":{"title":"KATHOLISCH HEUTE GEDACHT - Katholische Hochschulgemeinde Marburg","description":"Katholische Hochschulgemeinde am Campus der Uni Marburg. Wir sind eine Katholische Kirche in Marburg. Infos zu Gottesdiensten und Aktionen.","robots":{"index":"index","follow":"follow","max-snippet":"max-snippet:-1","max-image-preview":"max-image-preview:large","max-video-preview":"max-video-preview:-1"},"canonical":"https:\/\/khg-marburg.eu\/index.php\/a1-katholische-hoschschulgemeinde-marburg\/startseite\/","og_locale":"de_DE","og_type":"article","og_title":"KATHOLISCH HEUTE GEDACHT - Katholische Hochschulgemeinde Marburg","og_description":"Katholische Hochschulgemeinde am Campus der Uni Marburg. Wir sind eine Katholische Kirche in Marburg. Infos zu Gottesdiensten und Aktionen.","og_url":"https:\/\/khg-marburg.eu\/index.php\/a1-katholische-hoschschulgemeinde-marburg\/startseite\/","og_site_name":"Katholische Hochschulgemeinde Marburg","article_publisher":"https:\/\/www.facebook.com\/KHGMarburg","article_modified_time":"2023-05-02T06:23:49+00:00","og_image":[{"url":"https:\/\/khg-marburg.eu\/wp-content\/uploads\/2023\/04\/Webseite-final-1-1024x424.png"}],"twitter_card":"summary_large_image","twitter_misc":{"Gesch\u00e4tzte Lesezeit":"5\u00a0Minuten"},"schema":{"@context":"https:\/\/schema.org","@graph":[{"@type":"WebPage","@id":"https:\/\/khg-marburg.eu\/index.php\/a1-katholische-hoschschulgemeinde-marburg\/startseite\/","url":"https:\/\/khg-marburg.eu\/index.php\/a1-katholische-hoschschulgemeinde-marburg\/startseite\/","name":"KATHOLISCH HEUTE GEDACHT - Katholische Hochschulgemeinde Marburg","isPartOf":{"@id":"https:\/\/khg-marburg.eu\/#website"},"primaryImageOfPage":{"@id":"https:\/\/khg-marburg.eu\/index.php\/a1-katholische-hoschschulgemeinde-marburg\/startseite\/#primaryimage"},"image":{"@id":"https:\/\/khg-marburg.eu\/index.php\/a1-katholische-hoschschulgemeinde-marburg\/startseite\/#primaryimage"},"thumbnailUrl":"https:\/\/khg-marburg.eu\/wp-content\/uploads\/2023\/04\/Webseite-final-1-1024x424.png","datePublished":"2019-05-23T18:27:06+00:00","dateModified":"2023-05-02T06:23:49+00:00","description":"Katholische Hochschulgemeinde am Campus der Uni Marburg. Wir sind eine Katholische Kirche in Marburg. Infos zu Gottesdiensten und Aktionen.","breadcrumb":{"@id":"https:\/\/khg-marburg.eu\/index.php\/a1-katholische-hoschschulgemeinde-marburg\/startseite\/#breadcrumb"},"inLanguage":"de","potentialAction":[{"@type":"ReadAction","target":["https:\/\/khg-marburg.eu\/index.php\/a1-katholische-hoschschulgemeinde-marburg\/startseite\/"]}]},{"@type":"ImageObject","inLanguage":"de","@id":"https:\/\/khg-marburg.eu\/index.php\/a1-katholische-hoschschulgemeinde-marburg\/startseite\/#primaryimage","url":"https:\/\/khg-marburg.eu\/wp-content\/uploads\/2023\/04\/Webseite-final-1.png","contentUrl":"https:\/\/khg-marburg.eu\/wp-content\/uploads\/2023\/04\/Webseite-final-1.png","width":6884,"height":2849},{"@type":"BreadcrumbList","@id":"https:\/\/khg-marburg.eu\/index.php\/a1-katholische-hoschschulgemeinde-marburg\/startseite\/#breadcrumb","itemListElement":[{"@type":"ListItem","position":1,"name":"Startseite","item":"https:\/\/khg-marburg.eu\/"},{"@type":"ListItem","position":2,"name":"Katholische Hochschulgemeinde Marburg","item":"https:\/\/khg-marburg.eu\/"},{"@type":"ListItem","position":3,"name":"KATHOLISCH HEUTE GEDACHT"}]},{"@type":"WebSite","@id":"https:\/\/khg-marburg.eu\/#website","url":"https:\/\/khg-marburg.eu\/","name":"Katholische Hochschulgemeinde Marburg","description":"Die Katholische Hochschulgemeinde - Katholische Kirche in Marburg","publisher":{"@id":"https:\/\/khg-marburg.eu\/#organization"},"potentialAction":[{"@type":"SearchAction","target":{"@type":"EntryPoint","urlTemplate":"https:\/\/khg-marburg.eu\/?s={search_term_string}"},"query-input":"required name=search_term_string"}],"inLanguage":"de"},{"@type":"Organization","@id":"https:\/\/khg-marburg.eu\/#organization","name":"Katholische Hochschulgemeinde Marburg","url":"https:\/\/khg-marburg.eu\/","logo":{"@type":"ImageObject","inLanguage":"de","@id":"https:\/\/khg-marburg.eu\/#\/schema\/logo\/image\/","url":"https:\/\/khg-marburg.eu\/wp-content\/uploads\/2020\/04\/logo_wei\u00df.jpg","contentUrl":"https:\/\/khg-marburg.eu\/wp-content\/uploads\/2020\/04\/logo_wei\u00df.jpg","width":750,"height":650,"caption":"Katholische Hochschulgemeinde Marburg"},"image":{"@id":"https:\/\/khg-marburg.eu\/#\/schema\/logo\/image\/"},"sameAs":["https:\/\/www.facebook.com\/KHGMarburg","https:\/\/www.instagram.com\/khgmarburg\/"]}]}},"_links":{"self":[{"href":"https:\/\/khg-marburg.eu\/index.php\/wp-json\/wp\/v2\/pages\/276"}],"collection":[{"href":"https:\/\/khg-marburg.eu\/index.php\/wp-json\/wp\/v2\/pages"}],"about":[{"href":"https:\/\/khg-marburg.eu\/index.php\/wp-json\/wp\/v2\/types\/page"}],"author":[{"embeddable":true,"href":"https:\/\/khg-marburg.eu\/index.php\/wp-json\/wp\/v2\/users\/2"}],"replies":[{"embeddable":true,"href":"https:\/\/khg-marburg.eu\/index.php\/wp-json\/wp\/v2\/comments?post=276"}],"version-history":[{"count":1345,"href":"https:\/\/khg-marburg.eu\/index.php\/wp-json\/wp\/v2\/pages\/276\/revisions"}],"predecessor-version":[{"id":3644,"href":"https:\/\/khg-marburg.eu\/index.php\/wp-json\/wp\/v2\/pages\/276\/revisions\/3644"}],"up":[{"embeddable":true,"href":"https:\/\/khg-marburg.eu\/index.php\/wp-json\/wp\/v2\/pages\/5009"}],"wp:attachment":[{"href":"https:\/\/khg-marburg.eu\/index.php\/wp-json\/wp\/v2\/media?parent=276"}],"curies":[{"name":"wp","href":"https:\/\/api.w.org\/{rel}","templated":true}]}}