{"id":5214,"date":"2023-05-02T22:39:13","date_gmt":"2023-05-02T20:39:13","guid":{"rendered":"https:\/\/khg-marburg.eu\/?page_id=5214"},"modified":"2026-02-11T09:41:28","modified_gmt":"2026-02-11T08:41:28","slug":"b-khg-gruppen","status":"publish","type":"page","link":"https:\/\/khg-marburg.eu\/index.php\/b-khg-gruppen\/","title":{"rendered":"KHG Gruppen"},"content":{"rendered":"\n<figure class=\"wp-block-image alignwide size-full\"><img loading=\"lazy\" decoding=\"async\" width=\"2000\" height=\"667\" src=\"https:\/\/khg-marburg.eu\/wp-content\/uploads\/2025\/10\/01_KHGGruppen.png\" alt=\"\" class=\"wp-image-9532\" srcset=\"https:\/\/khg-marburg.eu\/wp-content\/uploads\/2025\/10\/01_KHGGruppen.png 2000w, https:\/\/khg-marburg.eu\/wp-content\/uploads\/2025\/10\/01_KHGGruppen-300x100.png 300w, https:\/\/khg-marburg.eu\/wp-content\/uploads\/2025\/10\/01_KHGGruppen-1024x342.png 1024w, https:\/\/khg-marburg.eu\/wp-content\/uploads\/2025\/10\/01_KHGGruppen-768x256.png 768w, https:\/\/khg-marburg.eu\/wp-content\/uploads\/2025\/10\/01_KHGGruppen-1536x512.png 1536w\" sizes=\"(max-width: 2000px) 100vw, 2000px\" \/><\/figure>\n\n\n\n<div class=\"wp-block-columns alignwide is-layout-flex wp-container-core-columns-layout-1 wp-block-columns-is-layout-flex\" style=\"margin-bottom:0\">\n<div class=\"wp-block-column has-theme-palette-9-background-color has-text-color has-background has-link-color wp-elements-0c10ad14d189cbdd525464ac63782549 is-layout-flow wp-block-column-is-layout-flow\" style=\"color:#000000;padding-top:2em;padding-right:2em;padding-bottom:2em;padding-left:2em\">\n<h2 class=\"wp-block-heading has-text-color\" id=\"family\" style=\"color:#f49613;font-size:40px\"><strong>KHG-Band<\/strong><\/h2>\n\n\n\n<p class=\"has-normal-font-size\" style=\"line-height:1.5\"><strong>Du hast Spa\u00df am Musizieren?<\/strong><\/p>\n\n\n\n<hr class=\"wp-block-separator has-text-color has-alpha-channel-opacity has-background is-style-wide\" style=\"background-color:#fb901e;color:#fb901e\"\/>\n\n\n\n<p>Ob mit Instrument oder deiner Stimme &#8211; jede(r) ist herzlich bei der KHG-Whop-Whop-Band willkommen!\u00a0<br><strong>Kontakt: <\/strong>emma@khg* und johanna@khg*<\/p>\n\n\n\n<div class=\"wp-block-buttons alignfull is-horizontal is-content-justification-center is-layout-flex wp-container-core-buttons-layout-1 wp-block-buttons-is-layout-flex\"><\/div>\n<\/div>\n\n\n\n<div class=\"wp-block-column has-theme-palette-9-background-color has-text-color has-background has-link-color wp-elements-7fe19651aebb69f07980379f9e078958 is-layout-flow wp-block-column-is-layout-flow\" style=\"color:#000000;padding-top:2em;padding-right:2em;padding-bottom:2em;padding-left:2em\">\n<h2 class=\"wp-block-heading has-text-color\" id=\"family\" style=\"color:#f49613;font-size:40px\"><strong>KHG-ESP<\/strong><\/h2>\n\n\n\n<p class=\"has-normal-font-size\" style=\"line-height:1.5\"><strong>Sprichst du Spanisch?<\/strong><\/p>\n\n\n\n<hr class=\"wp-block-separator has-text-color has-alpha-channel-opacity has-background is-style-wide\" style=\"background-color:#fb901e;color:#fb901e\"\/>\n\n\n\n<p>KHG-ESP ist unsere spanische KHG-Gruppe. Hast du Lust auf Gemeinschaft, auf spanisch-sprachige Gottesdienste und weitere Aktionen?\u00a0<br><strong>Kontakt: <\/strong>ibis@khg*<\/p>\n\n\n\n<div class=\"wp-block-buttons alignfull is-horizontal is-content-justification-center is-layout-flex wp-container-core-buttons-layout-2 wp-block-buttons-is-layout-flex\"><\/div>\n<\/div>\n<\/div>\n\n\n\n<hr class=\"wp-block-separator has-text-color has-alpha-channel-opacity has-background is-style-wide\" style=\"background-color:#fb901e;color:#fb901e\"\/>\n\n\n\n<div class=\"wp-block-columns alignwide is-layout-flex wp-container-core-columns-layout-2 wp-block-columns-is-layout-flex\" style=\"margin-bottom:0\">\n<div class=\"wp-block-column has-theme-palette-9-background-color has-text-color has-background has-link-color wp-elements-042cc84e90de446041f7443c2665429a is-layout-flow wp-block-column-is-layout-flow\" style=\"color:#000000;padding-top:2em;padding-right:2em;padding-bottom:2em;padding-left:2em\">\n<h2 class=\"wp-block-heading has-text-color\" id=\"family\" style=\"color:#f49613;font-size:40px\"><strong>\u00d6kum. &amp; interreligi\u00f6se Gruppe<\/strong><\/h2>\n\n\n\n<p class=\"has-normal-font-size\" style=\"line-height:1.5\"><strong>Du schaust gern \u00fcber den Tellerrand?<\/strong><\/p>\n\n\n\n<hr class=\"wp-block-separator has-text-color has-alpha-channel-opacity has-background is-style-wide\" style=\"background-color:#fb901e;color:#fb901e\"\/>\n\n\n\n<p>Im \u00f6kumenischen sowie im interreligi\u00f6sen Arbeitskreis treffen sich Gemeindemitglieder aus den unterschiedlichen Hochschulgemeinden um sich besser miteinander zu vernetzen und gemeinsame Aktionen zu planen.&nbsp;<br><strong>Kontakt: <\/strong><a href=\"mailto:khg-marburg@bistum-fulda.de\" target=\"_blank\" rel=\"noreferrer noopener\"><strong>khg-marburg@bistum-fulda.de<\/strong><\/a><\/p>\n\n\n\n<div class=\"wp-block-buttons alignfull is-horizontal is-content-justification-center is-layout-flex wp-container-core-buttons-layout-3 wp-block-buttons-is-layout-flex\"><\/div>\n<\/div>\n\n\n\n<div class=\"wp-block-column has-theme-palette-9-background-color has-text-color has-background has-link-color wp-elements-9b3dec00733ee8508a21844ee26baee6 is-layout-flow wp-block-column-is-layout-flow\" style=\"color:#000000;padding-top:2em;padding-right:2em;padding-bottom:2em;padding-left:2em\">\n<h2 class=\"wp-block-heading has-text-color\" id=\"family\" style=\"color:#f49613;font-size:40px\"><strong>KHG-Gemeinderat<\/strong><\/h2>\n\n\n\n<p class=\"has-normal-font-size\" style=\"line-height:1.5\"><strong>Dir gefallen die Aktionen in der KHG?<\/strong><\/p>\n\n\n\n<hr class=\"wp-block-separator has-text-color has-alpha-channel-opacity has-background is-style-wide\" style=\"background-color:#fb901e;color:#fb901e\"\/>\n\n\n\n<p>Du hast Lust, deine Ideen umzusetzen und dich aktiv am Gemeinde Leben zu beteiligen?&nbsp;<br>Lass dich zur Gemeinderatswahl aufstellen und mach f\u00fcr ein Semester im Gemeinderat mit. &nbsp;<br><strong>Kontakt: <\/strong><a href=\"mailto:khg-marburg@bistum-fulda.de\" target=\"_blank\" rel=\"noreferrer noopener\"><strong>khg-marburg@bistum-fulda.de<\/strong><\/a><\/p>\n\n\n\n<p>Du willst einfach so bei den Sitzungen dabei sein, um ein bisschen mitzuplanen, -denken, -diskutieren? Komm gerne dazu!&nbsp;<\/p>\n<\/div>\n<\/div>\n\n\n\n<hr class=\"wp-block-separator has-text-color has-alpha-channel-opacity has-background is-style-wide\" style=\"background-color:#fb901e;color:#fb901e\"\/>\n\n\n\n<div class=\"wp-block-columns alignwide is-layout-flex wp-container-core-columns-layout-3 wp-block-columns-is-layout-flex\" style=\"margin-bottom:0\">\n<div class=\"wp-block-column has-theme-palette-9-background-color has-text-color has-background has-link-color wp-elements-73ca4af6762e7b5f4a4a2dcd7591e18a is-layout-flow wp-block-column-is-layout-flow\" style=\"color:#000000;padding-top:2em;padding-right:2em;padding-bottom:2em;padding-left:2em\">\n<h2 class=\"wp-block-heading has-text-color\" id=\"family\" style=\"color:#f49613;font-size:40px\"><strong>Queer &amp; Katholisch<\/strong><\/h2>\n\n\n\n<p class=\"has-normal-font-size\" style=\"line-height:1.5\"><strong>Du hast Lust auf queere &amp; katholische Aktionen? <\/strong><\/p>\n\n\n\n<hr class=\"wp-block-separator has-text-color has-alpha-channel-opacity has-background is-style-wide\" style=\"background-color:#fb901e;color:#fb901e\"\/>\n\n\n\n<p><strong>\u201c<\/strong>Unabh\u00e4ngig von Geschlecht, Lebensphase, sexueller Orientierung, Religion und Herkunft bist du in der KHG herzlich Willkommen.\u201d Um diese Einstellung wach zu halten und konkret Aktionen umzusetzen gibt es diesen Arbeitskreis. Hast du Lust dabei zu sein und mitzumachen?&nbsp;<br><strong>Kontakt:<\/strong> <a href=\"mailto:queer@khg-marburg.de\"><strong>queer@khg-marburg.de<\/strong><\/a><\/p>\n\n\n\n<div class=\"wp-block-buttons alignfull is-horizontal is-content-justification-center is-layout-flex wp-container-core-buttons-layout-4 wp-block-buttons-is-layout-flex\"><\/div>\n<\/div>\n\n\n\n<div class=\"wp-block-column has-theme-palette-9-background-color has-text-color has-background has-link-color wp-elements-6c8647fef1529c89f2877ca3194a3f40 is-layout-flow wp-block-column-is-layout-flow\" style=\"color:#000000;padding-top:2em;padding-right:2em;padding-bottom:2em;padding-left:2em\">\n<h2 class=\"wp-block-heading has-text-color\" id=\"family\" style=\"color:#f49613;font-size:40px\"><strong>Interior Design<\/strong><\/h2>\n\n\n\n<p class=\"has-normal-font-size\" style=\"line-height:1.5\"><strong>Lust, <strong>die KHG wortw\u00f6rtlich (um)zugestalten?<\/strong><\/strong><\/p>\n\n\n\n<hr class=\"wp-block-separator has-text-color has-alpha-channel-opacity has-background is-style-wide\" style=\"background-color:#fb901e;color:#fb901e\"\/>\n\n\n\n<p>Entwickel\u00b4mit uns Ideen, wie wir die R\u00e4umlichkeiten noch pers\u00f6nlicher gestalten k\u00f6nnen. Von Bildern, Pflanzk\u00fcbeln bis hin zu Ambientebeleuchtung und passenden Sesseln zum&nbsp;Relaxen zwischen Lernphasen, es ist viel m\u00f6glich. Sei dabei und gestalte mit. <br><strong>Kontakt: <a href=\"mailto:kathrin.ruehl@bistum-fulda.de\">kathrin.ruehl@bistum-fulda.de<\/a><\/strong><\/p>\n\n\n\n<div class=\"wp-block-buttons alignfull is-horizontal is-content-justification-center is-layout-flex wp-container-core-buttons-layout-5 wp-block-buttons-is-layout-flex\"><\/div>\n<\/div>\n\n\n\n<div class=\"wp-block-column has-theme-palette-9-background-color has-text-color has-background has-link-color wp-elements-4ac42c67f33efbb41a174eef6b93325c is-layout-flow wp-block-column-is-layout-flow\" style=\"color:#000000;padding-top:2em;padding-right:2em;padding-bottom:2em;padding-left:2em\">\n<h2 class=\"wp-block-heading has-text-color\" id=\"family\" style=\"color:#f49613;font-size:40px\"><strong>Demokratie<\/strong><\/h2>\n\n\n\n<p class=\"has-normal-font-size\" style=\"line-height:1.5\"><strong><strong>Werte wie Demokratie und N\u00e4chstenliebe <\/strong><\/strong><\/p>\n\n\n\n<hr class=\"wp-block-separator has-text-color has-alpha-channel-opacity has-background is-style-wide\" style=\"background-color:#fb901e;color:#fb901e\"\/>\n\n\n\n<p>Wir sind als KHG schon lange Mitglied beim Marburger Netzwerk f\u00fcr Demokratie und gegen Rechtsextremismus. Lass uns zusammen an Netzwerktreffen teilnehmen und Impulse aufgreifen. Hier ist ganz viel Raum f\u00fcr den Austausch \u00fcber gesellschaftspolitische Themen und&nbsp;wie wir als KHG f\u00fcr mehr Toleranz in der Gesellschaft eintreten k\u00f6nnen.&nbsp;<br>Sei dabei und werde aktiv. Du bist mit Deinen Gedanken, \u00c4ngsten und Ideen nicht allein. <strong>Kontakt: <a href=\"mailto:kathrin.ruehl@bistum-fulda.de\">kathrin.ruehl@bistum-fulda.de<\/a><\/strong><\/p>\n\n\n\n<div class=\"wp-block-buttons alignfull is-horizontal is-content-justification-center is-layout-flex wp-container-core-buttons-layout-6 wp-block-buttons-is-layout-flex\"><\/div>\n<\/div>\n<\/div>\n\n\n\n<p>* Die vollst\u00e4ndige E-Mail-Adresse wird nur bei Hauptamtlichen Mitarbeiter*innen der KHG angezeigt. Um die Mailadresse von Studierenden zu vervollst\u00e4ndigen, h\u00e4nge bitte <strong>&#8222;-marburg.de&#8220;<\/strong> an, z.B. musterfr@khg-marburg.de<\/p>\n\n\n\n<hr class=\"wp-block-separator has-text-color has-alpha-channel-opacity has-background is-style-wide\" style=\"background-color:#fb901e;color:#fb901e\"\/>\n\n\n\n<p><strong>DU HAST IDEEN F\u00dcR EINE WEITERE KHG-GRUPPE?<\/strong>\u00a0<br>Suche dir Leute oder\/und sprich uns gerne an. Wir unterst\u00fctzen dich in der Realisierung.\u00a0<br>Kontakt: <a href=\"mailto:khg-marburg@bistum-fulda.de\" target=\"_blank\" rel=\"noreferrer noopener\">khg-marburg@bistum-fulda.de<\/a><\/p>\n\n\n\n<p><\/p>\n","protected":false},"excerpt":{"rendered":"<p>KHG-Band Du hast Spa\u00df am Musizieren? Ob mit Instrument oder deiner Stimme &#8211; jede(r) ist herzlich bei der KHG-Whop-Whop-Band willkommen!\u00a0Kontakt: emma@khg* und johanna@khg* KHG-ESP Sprichst du Spanisch? KHG-ESP ist unsere&#8230;<\/p>\n","protected":false},"author":2,"featured_media":0,"parent":0,"menu_order":0,"comment_status":"closed","ping_status":"closed","template":"","meta":{"inline_featured_image":false,"_kadence_starter_templates_imported_post":false,"_kad_post_transparent":"","_kad_post_title":"","_kad_post_layout":"","_kad_post_sidebar_id":"","_kad_post_content_style":"","_kad_post_vertical_padding":"","_kad_post_feature":"","_kad_post_feature_position":"","_kad_post_header":false,"_kad_post_footer":false,"footnotes":""},"yoast_head":"<!-- This site is optimized with the Yoast SEO plugin v22.3 - https:\/\/yoast.com\/wordpress\/plugins\/seo\/ -->\n<title>KHG Gruppen - Katholische Hochschulgemeinde Marburg<\/title>\n<meta name=\"robots\" content=\"index, follow, max-snippet:-1, max-image-preview:large, max-video-preview:-1\" \/>\n<link rel=\"canonical\" href=\"https:\/\/khg-marburg.eu\/index.php\/b-khg-gruppen\/\" \/>\n<meta property=\"og:locale\" content=\"de_DE\" \/>\n<meta property=\"og:type\" content=\"article\" \/>\n<meta property=\"og:title\" content=\"KHG Gruppen - Katholische Hochschulgemeinde Marburg\" \/>\n<meta property=\"og:description\" content=\"KHG-Band Du hast Spa\u00df am Musizieren? Ob mit Instrument oder deiner Stimme &#8211; jede(r) ist herzlich bei der KHG-Whop-Whop-Band willkommen!\u00a0Kontakt: emma@khg* und johanna@khg* KHG-ESP Sprichst du Spanisch? KHG-ESP ist unsere...\" \/>\n<meta property=\"og:url\" content=\"https:\/\/khg-marburg.eu\/index.php\/b-khg-gruppen\/\" \/>\n<meta property=\"og:site_name\" content=\"Katholische Hochschulgemeinde Marburg\" \/>\n<meta property=\"article:publisher\" content=\"https:\/\/www.facebook.com\/KHGMarburg\" \/>\n<meta property=\"article:modified_time\" content=\"2026-02-11T08:41:28+00:00\" \/>\n<meta property=\"og:image\" content=\"https:\/\/khg-marburg.eu\/wp-content\/uploads\/2025\/10\/01_KHGGruppen.png\" \/>\n<meta name=\"twitter:card\" content=\"summary_large_image\" \/>\n<meta name=\"twitter:label1\" content=\"Gesch\u00e4tzte Lesezeit\" \/>\n\t<meta name=\"twitter:data1\" content=\"3\u00a0Minuten\" \/>\n<script type=\"application\/ld+json\" class=\"yoast-schema-graph\">{\"@context\":\"https:\/\/schema.org\",\"@graph\":[{\"@type\":\"WebPage\",\"@id\":\"https:\/\/khg-marburg.eu\/index.php\/b-khg-gruppen\/\",\"url\":\"https:\/\/khg-marburg.eu\/index.php\/b-khg-gruppen\/\",\"name\":\"KHG Gruppen - Katholische Hochschulgemeinde Marburg\",\"isPartOf\":{\"@id\":\"https:\/\/khg-marburg.eu\/#website\"},\"primaryImageOfPage\":{\"@id\":\"https:\/\/khg-marburg.eu\/index.php\/b-khg-gruppen\/#primaryimage\"},\"image\":{\"@id\":\"https:\/\/khg-marburg.eu\/index.php\/b-khg-gruppen\/#primaryimage\"},\"thumbnailUrl\":\"https:\/\/khg-marburg.eu\/wp-content\/uploads\/2025\/10\/01_KHGGruppen.png\",\"datePublished\":\"2023-05-02T20:39:13+00:00\",\"dateModified\":\"2026-02-11T08:41:28+00:00\",\"breadcrumb\":{\"@id\":\"https:\/\/khg-marburg.eu\/index.php\/b-khg-gruppen\/#breadcrumb\"},\"inLanguage\":\"de\",\"potentialAction\":[{\"@type\":\"ReadAction\",\"target\":[\"https:\/\/khg-marburg.eu\/index.php\/b-khg-gruppen\/\"]}]},{\"@type\":\"ImageObject\",\"inLanguage\":\"de\",\"@id\":\"https:\/\/khg-marburg.eu\/index.php\/b-khg-gruppen\/#primaryimage\",\"url\":\"https:\/\/khg-marburg.eu\/wp-content\/uploads\/2025\/10\/01_KHGGruppen.png\",\"contentUrl\":\"https:\/\/khg-marburg.eu\/wp-content\/uploads\/2025\/10\/01_KHGGruppen.png\",\"width\":2000,\"height\":667},{\"@type\":\"BreadcrumbList\",\"@id\":\"https:\/\/khg-marburg.eu\/index.php\/b-khg-gruppen\/#breadcrumb\",\"itemListElement\":[{\"@type\":\"ListItem\",\"position\":1,\"name\":\"Startseite\",\"item\":\"https:\/\/khg-marburg.eu\/\"},{\"@type\":\"ListItem\",\"position\":2,\"name\":\"KHG Gruppen\"}]},{\"@type\":\"WebSite\",\"@id\":\"https:\/\/khg-marburg.eu\/#website\",\"url\":\"https:\/\/khg-marburg.eu\/\",\"name\":\"Katholische Hochschulgemeinde Marburg\",\"description\":\"Die Katholische Hochschulgemeinde - Katholische Kirche in Marburg\",\"publisher\":{\"@id\":\"https:\/\/khg-marburg.eu\/#organization\"},\"potentialAction\":[{\"@type\":\"SearchAction\",\"target\":{\"@type\":\"EntryPoint\",\"urlTemplate\":\"https:\/\/khg-marburg.eu\/?s={search_term_string}\"},\"query-input\":\"required name=search_term_string\"}],\"inLanguage\":\"de\"},{\"@type\":\"Organization\",\"@id\":\"https:\/\/khg-marburg.eu\/#organization\",\"name\":\"Katholische Hochschulgemeinde Marburg\",\"url\":\"https:\/\/khg-marburg.eu\/\",\"logo\":{\"@type\":\"ImageObject\",\"inLanguage\":\"de\",\"@id\":\"https:\/\/khg-marburg.eu\/#\/schema\/logo\/image\/\",\"url\":\"https:\/\/khg-marburg.eu\/wp-content\/uploads\/2020\/04\/logo_wei\u00df.jpg\",\"contentUrl\":\"https:\/\/khg-marburg.eu\/wp-content\/uploads\/2020\/04\/logo_wei\u00df.jpg\",\"width\":750,\"height\":650,\"caption\":\"Katholische Hochschulgemeinde Marburg\"},\"image\":{\"@id\":\"https:\/\/khg-marburg.eu\/#\/schema\/logo\/image\/\"},\"sameAs\":[\"https:\/\/www.facebook.com\/KHGMarburg\",\"https:\/\/www.instagram.com\/khgmarburg\/\"]}]}<\/script>\n<!-- \/ Yoast SEO plugin. -->","yoast_head_json":{"title":"KHG Gruppen - Katholische Hochschulgemeinde Marburg","robots":{"index":"index","follow":"follow","max-snippet":"max-snippet:-1","max-image-preview":"max-image-preview:large","max-video-preview":"max-video-preview:-1"},"canonical":"https:\/\/khg-marburg.eu\/index.php\/b-khg-gruppen\/","og_locale":"de_DE","og_type":"article","og_title":"KHG Gruppen - Katholische Hochschulgemeinde Marburg","og_description":"KHG-Band Du hast Spa\u00df am Musizieren? Ob mit Instrument oder deiner Stimme &#8211; jede(r) ist herzlich bei der KHG-Whop-Whop-Band willkommen!\u00a0Kontakt: emma@khg* und johanna@khg* KHG-ESP Sprichst du Spanisch? KHG-ESP ist unsere...","og_url":"https:\/\/khg-marburg.eu\/index.php\/b-khg-gruppen\/","og_site_name":"Katholische Hochschulgemeinde Marburg","article_publisher":"https:\/\/www.facebook.com\/KHGMarburg","article_modified_time":"2026-02-11T08:41:28+00:00","og_image":[{"url":"https:\/\/khg-marburg.eu\/wp-content\/uploads\/2025\/10\/01_KHGGruppen.png"}],"twitter_card":"summary_large_image","twitter_misc":{"Gesch\u00e4tzte Lesezeit":"3\u00a0Minuten"},"schema":{"@context":"https:\/\/schema.org","@graph":[{"@type":"WebPage","@id":"https:\/\/khg-marburg.eu\/index.php\/b-khg-gruppen\/","url":"https:\/\/khg-marburg.eu\/index.php\/b-khg-gruppen\/","name":"KHG Gruppen - Katholische Hochschulgemeinde Marburg","isPartOf":{"@id":"https:\/\/khg-marburg.eu\/#website"},"primaryImageOfPage":{"@id":"https:\/\/khg-marburg.eu\/index.php\/b-khg-gruppen\/#primaryimage"},"image":{"@id":"https:\/\/khg-marburg.eu\/index.php\/b-khg-gruppen\/#primaryimage"},"thumbnailUrl":"https:\/\/khg-marburg.eu\/wp-content\/uploads\/2025\/10\/01_KHGGruppen.png","datePublished":"2023-05-02T20:39:13+00:00","dateModified":"2026-02-11T08:41:28+00:00","breadcrumb":{"@id":"https:\/\/khg-marburg.eu\/index.php\/b-khg-gruppen\/#breadcrumb"},"inLanguage":"de","potentialAction":[{"@type":"ReadAction","target":["https:\/\/khg-marburg.eu\/index.php\/b-khg-gruppen\/"]}]},{"@type":"ImageObject","inLanguage":"de","@id":"https:\/\/khg-marburg.eu\/index.php\/b-khg-gruppen\/#primaryimage","url":"https:\/\/khg-marburg.eu\/wp-content\/uploads\/2025\/10\/01_KHGGruppen.png","contentUrl":"https:\/\/khg-marburg.eu\/wp-content\/uploads\/2025\/10\/01_KHGGruppen.png","width":2000,"height":667},{"@type":"BreadcrumbList","@id":"https:\/\/khg-marburg.eu\/index.php\/b-khg-gruppen\/#breadcrumb","itemListElement":[{"@type":"ListItem","position":1,"name":"Startseite","item":"https:\/\/khg-marburg.eu\/"},{"@type":"ListItem","position":2,"name":"KHG Gruppen"}]},{"@type":"WebSite","@id":"https:\/\/khg-marburg.eu\/#website","url":"https:\/\/khg-marburg.eu\/","name":"Katholische Hochschulgemeinde Marburg","description":"Die Katholische Hochschulgemeinde - Katholische Kirche in Marburg","publisher":{"@id":"https:\/\/khg-marburg.eu\/#organization"},"potentialAction":[{"@type":"SearchAction","target":{"@type":"EntryPoint","urlTemplate":"https:\/\/khg-marburg.eu\/?s={search_term_string}"},"query-input":"required name=search_term_string"}],"inLanguage":"de"},{"@type":"Organization","@id":"https:\/\/khg-marburg.eu\/#organization","name":"Katholische Hochschulgemeinde Marburg","url":"https:\/\/khg-marburg.eu\/","logo":{"@type":"ImageObject","inLanguage":"de","@id":"https:\/\/khg-marburg.eu\/#\/schema\/logo\/image\/","url":"https:\/\/khg-marburg.eu\/wp-content\/uploads\/2020\/04\/logo_wei\u00df.jpg","contentUrl":"https:\/\/khg-marburg.eu\/wp-content\/uploads\/2020\/04\/logo_wei\u00df.jpg","width":750,"height":650,"caption":"Katholische Hochschulgemeinde Marburg"},"image":{"@id":"https:\/\/khg-marburg.eu\/#\/schema\/logo\/image\/"},"sameAs":["https:\/\/www.facebook.com\/KHGMarburg","https:\/\/www.instagram.com\/khgmarburg\/"]}]}},"_links":{"self":[{"href":"https:\/\/khg-marburg.eu\/index.php\/wp-json\/wp\/v2\/pages\/5214"}],"collection":[{"href":"https:\/\/khg-marburg.eu\/index.php\/wp-json\/wp\/v2\/pages"}],"about":[{"href":"https:\/\/khg-marburg.eu\/index.php\/wp-json\/wp\/v2\/types\/page"}],"author":[{"embeddable":true,"href":"https:\/\/khg-marburg.eu\/index.php\/wp-json\/wp\/v2\/users\/2"}],"replies":[{"embeddable":true,"href":"https:\/\/khg-marburg.eu\/index.php\/wp-json\/wp\/v2\/comments?post=5214"}],"version-history":[{"count":22,"href":"https:\/\/khg-marburg.eu\/index.php\/wp-json\/wp\/v2\/pages\/5214\/revisions"}],"predecessor-version":[{"id":9882,"href":"https:\/\/khg-marburg.eu\/index.php\/wp-json\/wp\/v2\/pages\/5214\/revisions\/9882"}],"wp:attachment":[{"href":"https:\/\/khg-marburg.eu\/index.php\/wp-json\/wp\/v2\/media?parent=5214"}],"curies":[{"name":"wp","href":"https:\/\/api.w.org\/{rel}","templated":true}]}}