{"id":5272,"date":"2025-06-13T09:04:12","date_gmt":"2025-06-13T07:04:12","guid":{"rendered":"https:\/\/khg-marburg.eu\/?page_id=5272"},"modified":"2025-06-24T08:30:14","modified_gmt":"2025-06-24T06:30:14","slug":"praevention","status":"publish","type":"page","link":"https:\/\/khg-marburg.eu\/index.php\/praevention\/","title":{"rendered":"Pr\u00e4vention"},"content":{"rendered":"\n<figure class=\"wp-block-image alignfull size-full\"><img loading=\"lazy\" decoding=\"async\" width=\"2000\" height=\"667\" src=\"https:\/\/khg-marburg.eu\/wp-content\/uploads\/2025\/06\/2_Praevention.png\" alt=\"\" class=\"wp-image-9154\" srcset=\"https:\/\/khg-marburg.eu\/wp-content\/uploads\/2025\/06\/2_Praevention.png 2000w, https:\/\/khg-marburg.eu\/wp-content\/uploads\/2025\/06\/2_Praevention-300x100.png 300w, https:\/\/khg-marburg.eu\/wp-content\/uploads\/2025\/06\/2_Praevention-1024x342.png 1024w, https:\/\/khg-marburg.eu\/wp-content\/uploads\/2025\/06\/2_Praevention-768x256.png 768w, https:\/\/khg-marburg.eu\/wp-content\/uploads\/2025\/06\/2_Praevention-1536x512.png 1536w\" sizes=\"(max-width: 2000px) 100vw, 2000px\" \/><\/figure>\n\n\n\n<h2 class=\"wp-block-heading alignwide has-text-align-center has-text-color\" style=\"color:#eeab02\">Pr\u00e4vention gegen sexualisierte Gewalt und <br>emotionalen Missbrauch<\/h2>\n\n\n\n<p>In der KHG Marburg sollen sich alle Menschen wohl und sicher f\u00fchlen. Daher geht die Pr\u00e4vention von sexualisierter Gewalt und emotionalem Missbrauch jede*n in der KHG an. Ein r\u00fccksichtsvoller, achtsamer, vertrauensvoller und verantwortungsvoller Umgang miteinander ist f\u00fcr uns Grundlage allen Handelns. Transparenz, Umsichtigkeit und Entschiedenheit sind daher im Umgang mit sensiblen Themen, vor allem auch mit dem Thema der sexualisierten Gewalt und dem emotionalen Missbrauch. T\u00e4ter*innen und Mitt\u00e4ter*innen haben bei uns keinen Platz.<br><br>Unser Pr\u00e4ventionsschutzkonzept sehen wir als Basis f\u00fcr eine vertrauensvolle Zusammenarbeit und ein funktionierendes Gemeindeleben. Wir wollen es in einer Form leben, die sexuelles und gewaltt\u00e4tiges Fehlverhalten nachhaltig verhindert und die uns zugleich Raum l\u00e4sst f\u00fcr unser vertrauensvolles Gemeindeleben. Wir nehmen das Schutzkonzept ernst, denn es liegt uns am Herzen!<\/p>\n\n\n\n<p>Die KHG Marburg hat ein eigenes <strong><a href=\"https:\/\/khg-marburg.eu\/wp-content\/uploads\/2025\/06\/Schutzkonzept-KHGMarburg-2025-1.pdf\" target=\"_blank\" rel=\"noreferrer noopener\">S<\/a><a href=\"https:\/\/khg-marburg.eu\/wp-content\/uploads\/2025\/06\/Schutzkonzept-KHGMarburg-2025-1.pdf\">chutzkonz<\/a><a href=\"https:\/\/khg-marburg.eu\/wp-content\/uploads\/2025\/06\/Schutzkonzept-KHGMarburg-2025-1.pdf\" target=\"_blank\" rel=\"noreferrer noopener\">ept<\/a> <\/strong>sowie einen<strong> <a href=\"https:\/\/khg-marburg.eu\/wp-content\/uploads\/2025\/06\/Verhaltenskodex-Verpflichtungs-und-Selbstauskunftserklaerung-Schutzkonzept-2.pdf\" target=\"_blank\" rel=\"noreferrer noopener\">Verhaltenskodex mit Verpflichtungserkl\u00e4rung u<\/a><a href=\"https:\/\/khg-marburg.eu\/wp-content\/uploads\/2025\/06\/Verhaltenskodex-Verpflichtungs-und-Selbstauskunftserklaerung-Schutzkonzept-1.pdf\" target=\"_blank\" rel=\"noreferrer noopener\">nd einer Selbstauskunftserkl\u00e4rung<\/a><\/strong> erarbeitet. Unsere Pr\u00e4ventionsfachkraft ist deine Ansprechpartnerin f\u00fcr Fragen. <\/p>\n\n\n\n<h4 class=\"wp-block-heading has-text-align-left has-text-color\" style=\"color:#eeab02\">Pr\u00e4ventionsfachkraft <\/h4>\n\n\n\n<p>Jeder kirchliche Rechtstr\u00e4ger ist gem\u00e4\u00df Pr\u00e4ventionsordnung verpflichtet, eine Pr\u00e4ventionsfachkraft zu benennen. Sie ist <strong>verantwortlich f\u00fcr die Pr\u00e4vention sexualisierter Gewalt<\/strong> in der jeweiligen Einrichtung. Seit August 2020 ist <strong>Viola Sinsel<\/strong> die Pr\u00e4ventionsfachkraft der Katholischen Hochschulgemeinde Marburg. <\/p>\n\n\n\n<ul>\n<li>Viola Sinsel ist Ansprechpartnerin f\u00fcr die hauptamtlichen und ehrenamtlichen Mitarbeiter*innen bei Fragen zur Pr\u00e4vention gegen sexualisierte Gewalt und Grenzverletzungen<\/li>\n\n\n\n<li>Sie kennt die Verfahrenswege bei Verdachtsmeldungen und kann \u00fcber interne und externe Beratungsstellen informieren<\/li>\n\n\n\n<li>Au\u00dferdem ist sie die Kontaktperson vor Ort f\u00fcr die Pr\u00e4ventionsbeauftragte des Bistums Fulda<\/li>\n<\/ul>\n\n\n\n<div class=\"wp-block-media-text is-stacked-on-mobile\" style=\"grid-template-columns:25% auto\"><figure class=\"wp-block-media-text__media\"><img loading=\"lazy\" decoding=\"async\" width=\"1024\" height=\"1024\" src=\"https:\/\/khg-marburg.eu\/wp-content\/uploads\/2024\/04\/Viola-Quadrat-3-1024x1024.jpg\" alt=\"\" class=\"wp-image-7302 size-full\" srcset=\"https:\/\/khg-marburg.eu\/wp-content\/uploads\/2024\/04\/Viola-Quadrat-3-1024x1024.jpg 1024w, https:\/\/khg-marburg.eu\/wp-content\/uploads\/2024\/04\/Viola-Quadrat-3-300x300.jpg 300w, https:\/\/khg-marburg.eu\/wp-content\/uploads\/2024\/04\/Viola-Quadrat-3-150x150.jpg 150w, https:\/\/khg-marburg.eu\/wp-content\/uploads\/2024\/04\/Viola-Quadrat-3-768x768.jpg 768w, https:\/\/khg-marburg.eu\/wp-content\/uploads\/2024\/04\/Viola-Quadrat-3-1536x1536.jpg 1536w, https:\/\/khg-marburg.eu\/wp-content\/uploads\/2024\/04\/Viola-Quadrat-3-2048x2048.jpg 2048w\" sizes=\"(max-width: 1024px) 100vw, 1024px\" \/><\/figure><div class=\"wp-block-media-text__content\">\n<p><strong>Viola Sinsel<br>Hochschulseelsorgerin\/Leitung KHG Marburg <\/strong><br>Mail: <a href=\"mailto:viola.sinsel@bistum-fulda.de\">viola.sinsel@bistum-fulda.de<br><\/a>Tel.: 01754778868<br>Sprechzeiten: Dienstag 11-16 Uhr \/ und nach Vereinbarung<\/p>\n<\/div><\/div>\n\n\n\n<h4 class=\"wp-block-heading has-text-align-left has-text-color\" style=\"color:#eeab02\">\u00d6rtliche Hilfs- und Gespr\u00e4chsangebote<\/h4>\n\n\n\n<p>Du suchst ein <strong>vertrauliches Hilfs- und Gespr\u00e4chsangebote<\/strong>? Dann findest du die richtige Ansprechperson in der \u00dcbersicht \u00fcber die <strong><a href=\"https:\/\/khg-marburg.eu\/wp-content\/uploads\/2025\/06\/Oertliche-Beratungseinrichtungen-im-kirchlichen-und-ausserkirc.pdf\" target=\"_blank\" rel=\"noreferrer noopener\">\u00d6rtlichen Beratungseinrichtungen im kirchlichen und au\u00dferkirchlichen Bereic<\/a><a href=\"https:\/\/khg-marburg.eu\/wp-content\/uploads\/2025\/06\/Oertliche-Beratungseinrichtungen-im-kirchlichen-und-ausserkirc.pdf\">h<\/a>.<\/strong> <\/p>\n\n\n\n<p>Am <strong>17. Juni 2025<\/strong> ver\u00f6ffentlichte die unabh\u00e4ngige Kommission zur Aufarbeitung sexualisierter Gewalt im Bistum Fulda ihren Abschlussbericht. Alle Informationen dazu findest du <a href=\"https:\/\/khg-marburg.eu\/index.php\/missbrauchsstudie-bistum-fulda\/\" target=\"_blank\" rel=\"noreferrer noopener\"><strong>hier<\/strong><\/a>. <\/p>\n","protected":false},"excerpt":{"rendered":"<p>Pr\u00e4vention gegen sexualisierte Gewalt und emotionalen Missbrauch In der KHG Marburg sollen sich alle Menschen wohl und sicher f\u00fchlen. Daher geht die Pr\u00e4vention von sexualisierter Gewalt und emotionalem Missbrauch jede*n&#8230;<\/p>\n","protected":false},"author":2,"featured_media":0,"parent":0,"menu_order":0,"comment_status":"closed","ping_status":"closed","template":"","meta":{"inline_featured_image":false,"_kadence_starter_templates_imported_post":false,"_kad_post_transparent":"","_kad_post_title":"","_kad_post_layout":"","_kad_post_sidebar_id":"","_kad_post_content_style":"","_kad_post_vertical_padding":"","_kad_post_feature":"","_kad_post_feature_position":"","_kad_post_header":false,"_kad_post_footer":false,"footnotes":""},"yoast_head":"<!-- This site is optimized with the Yoast SEO plugin v22.3 - https:\/\/yoast.com\/wordpress\/plugins\/seo\/ -->\n<title>Pr\u00e4vention - Katholische Hochschulgemeinde Marburg<\/title>\n<meta name=\"robots\" content=\"index, follow, max-snippet:-1, max-image-preview:large, max-video-preview:-1\" \/>\n<link rel=\"canonical\" href=\"https:\/\/khg-marburg.eu\/index.php\/praevention\/\" \/>\n<meta property=\"og:locale\" content=\"de_DE\" \/>\n<meta property=\"og:type\" content=\"article\" \/>\n<meta property=\"og:title\" content=\"Pr\u00e4vention - Katholische Hochschulgemeinde Marburg\" \/>\n<meta property=\"og:description\" content=\"Pr\u00e4vention gegen sexualisierte Gewalt und emotionalen Missbrauch In der KHG Marburg sollen sich alle Menschen wohl und sicher f\u00fchlen. Daher geht die Pr\u00e4vention von sexualisierter Gewalt und emotionalem Missbrauch jede*n...\" \/>\n<meta property=\"og:url\" content=\"https:\/\/khg-marburg.eu\/index.php\/praevention\/\" \/>\n<meta property=\"og:site_name\" content=\"Katholische Hochschulgemeinde Marburg\" \/>\n<meta property=\"article:publisher\" content=\"https:\/\/www.facebook.com\/KHGMarburg\" \/>\n<meta property=\"article:modified_time\" content=\"2025-06-24T06:30:14+00:00\" \/>\n<meta property=\"og:image\" content=\"https:\/\/khg-marburg.eu\/wp-content\/uploads\/2025\/06\/2_Praevention.png\" \/>\n<meta name=\"twitter:card\" content=\"summary_large_image\" \/>\n<meta name=\"twitter:label1\" content=\"Gesch\u00e4tzte Lesezeit\" \/>\n\t<meta name=\"twitter:data1\" content=\"3\u00a0Minuten\" \/>\n<script type=\"application\/ld+json\" class=\"yoast-schema-graph\">{\"@context\":\"https:\/\/schema.org\",\"@graph\":[{\"@type\":\"WebPage\",\"@id\":\"https:\/\/khg-marburg.eu\/index.php\/praevention\/\",\"url\":\"https:\/\/khg-marburg.eu\/index.php\/praevention\/\",\"name\":\"Pr\u00e4vention - Katholische Hochschulgemeinde Marburg\",\"isPartOf\":{\"@id\":\"https:\/\/khg-marburg.eu\/#website\"},\"primaryImageOfPage\":{\"@id\":\"https:\/\/khg-marburg.eu\/index.php\/praevention\/#primaryimage\"},\"image\":{\"@id\":\"https:\/\/khg-marburg.eu\/index.php\/praevention\/#primaryimage\"},\"thumbnailUrl\":\"https:\/\/khg-marburg.eu\/wp-content\/uploads\/2025\/06\/2_Praevention.png\",\"datePublished\":\"2025-06-13T07:04:12+00:00\",\"dateModified\":\"2025-06-24T06:30:14+00:00\",\"breadcrumb\":{\"@id\":\"https:\/\/khg-marburg.eu\/index.php\/praevention\/#breadcrumb\"},\"inLanguage\":\"de\",\"potentialAction\":[{\"@type\":\"ReadAction\",\"target\":[\"https:\/\/khg-marburg.eu\/index.php\/praevention\/\"]}]},{\"@type\":\"ImageObject\",\"inLanguage\":\"de\",\"@id\":\"https:\/\/khg-marburg.eu\/index.php\/praevention\/#primaryimage\",\"url\":\"https:\/\/khg-marburg.eu\/wp-content\/uploads\/2025\/06\/2_Praevention.png\",\"contentUrl\":\"https:\/\/khg-marburg.eu\/wp-content\/uploads\/2025\/06\/2_Praevention.png\",\"width\":2000,\"height\":667},{\"@type\":\"BreadcrumbList\",\"@id\":\"https:\/\/khg-marburg.eu\/index.php\/praevention\/#breadcrumb\",\"itemListElement\":[{\"@type\":\"ListItem\",\"position\":1,\"name\":\"Startseite\",\"item\":\"https:\/\/khg-marburg.eu\/\"},{\"@type\":\"ListItem\",\"position\":2,\"name\":\"Pr\u00e4vention\"}]},{\"@type\":\"WebSite\",\"@id\":\"https:\/\/khg-marburg.eu\/#website\",\"url\":\"https:\/\/khg-marburg.eu\/\",\"name\":\"Katholische Hochschulgemeinde Marburg\",\"description\":\"Die Katholische Hochschulgemeinde - Katholische Kirche in Marburg\",\"publisher\":{\"@id\":\"https:\/\/khg-marburg.eu\/#organization\"},\"potentialAction\":[{\"@type\":\"SearchAction\",\"target\":{\"@type\":\"EntryPoint\",\"urlTemplate\":\"https:\/\/khg-marburg.eu\/?s={search_term_string}\"},\"query-input\":\"required name=search_term_string\"}],\"inLanguage\":\"de\"},{\"@type\":\"Organization\",\"@id\":\"https:\/\/khg-marburg.eu\/#organization\",\"name\":\"Katholische Hochschulgemeinde Marburg\",\"url\":\"https:\/\/khg-marburg.eu\/\",\"logo\":{\"@type\":\"ImageObject\",\"inLanguage\":\"de\",\"@id\":\"https:\/\/khg-marburg.eu\/#\/schema\/logo\/image\/\",\"url\":\"https:\/\/khg-marburg.eu\/wp-content\/uploads\/2020\/04\/logo_wei\u00df.jpg\",\"contentUrl\":\"https:\/\/khg-marburg.eu\/wp-content\/uploads\/2020\/04\/logo_wei\u00df.jpg\",\"width\":750,\"height\":650,\"caption\":\"Katholische Hochschulgemeinde Marburg\"},\"image\":{\"@id\":\"https:\/\/khg-marburg.eu\/#\/schema\/logo\/image\/\"},\"sameAs\":[\"https:\/\/www.facebook.com\/KHGMarburg\",\"https:\/\/www.instagram.com\/khgmarburg\/\"]}]}<\/script>\n<!-- \/ Yoast SEO plugin. -->","yoast_head_json":{"title":"Pr\u00e4vention - Katholische Hochschulgemeinde Marburg","robots":{"index":"index","follow":"follow","max-snippet":"max-snippet:-1","max-image-preview":"max-image-preview:large","max-video-preview":"max-video-preview:-1"},"canonical":"https:\/\/khg-marburg.eu\/index.php\/praevention\/","og_locale":"de_DE","og_type":"article","og_title":"Pr\u00e4vention - Katholische Hochschulgemeinde Marburg","og_description":"Pr\u00e4vention gegen sexualisierte Gewalt und emotionalen Missbrauch In der KHG Marburg sollen sich alle Menschen wohl und sicher f\u00fchlen. Daher geht die Pr\u00e4vention von sexualisierter Gewalt und emotionalem Missbrauch jede*n...","og_url":"https:\/\/khg-marburg.eu\/index.php\/praevention\/","og_site_name":"Katholische Hochschulgemeinde Marburg","article_publisher":"https:\/\/www.facebook.com\/KHGMarburg","article_modified_time":"2025-06-24T06:30:14+00:00","og_image":[{"url":"https:\/\/khg-marburg.eu\/wp-content\/uploads\/2025\/06\/2_Praevention.png"}],"twitter_card":"summary_large_image","twitter_misc":{"Gesch\u00e4tzte Lesezeit":"3\u00a0Minuten"},"schema":{"@context":"https:\/\/schema.org","@graph":[{"@type":"WebPage","@id":"https:\/\/khg-marburg.eu\/index.php\/praevention\/","url":"https:\/\/khg-marburg.eu\/index.php\/praevention\/","name":"Pr\u00e4vention - Katholische Hochschulgemeinde Marburg","isPartOf":{"@id":"https:\/\/khg-marburg.eu\/#website"},"primaryImageOfPage":{"@id":"https:\/\/khg-marburg.eu\/index.php\/praevention\/#primaryimage"},"image":{"@id":"https:\/\/khg-marburg.eu\/index.php\/praevention\/#primaryimage"},"thumbnailUrl":"https:\/\/khg-marburg.eu\/wp-content\/uploads\/2025\/06\/2_Praevention.png","datePublished":"2025-06-13T07:04:12+00:00","dateModified":"2025-06-24T06:30:14+00:00","breadcrumb":{"@id":"https:\/\/khg-marburg.eu\/index.php\/praevention\/#breadcrumb"},"inLanguage":"de","potentialAction":[{"@type":"ReadAction","target":["https:\/\/khg-marburg.eu\/index.php\/praevention\/"]}]},{"@type":"ImageObject","inLanguage":"de","@id":"https:\/\/khg-marburg.eu\/index.php\/praevention\/#primaryimage","url":"https:\/\/khg-marburg.eu\/wp-content\/uploads\/2025\/06\/2_Praevention.png","contentUrl":"https:\/\/khg-marburg.eu\/wp-content\/uploads\/2025\/06\/2_Praevention.png","width":2000,"height":667},{"@type":"BreadcrumbList","@id":"https:\/\/khg-marburg.eu\/index.php\/praevention\/#breadcrumb","itemListElement":[{"@type":"ListItem","position":1,"name":"Startseite","item":"https:\/\/khg-marburg.eu\/"},{"@type":"ListItem","position":2,"name":"Pr\u00e4vention"}]},{"@type":"WebSite","@id":"https:\/\/khg-marburg.eu\/#website","url":"https:\/\/khg-marburg.eu\/","name":"Katholische Hochschulgemeinde Marburg","description":"Die Katholische Hochschulgemeinde - Katholische Kirche in Marburg","publisher":{"@id":"https:\/\/khg-marburg.eu\/#organization"},"potentialAction":[{"@type":"SearchAction","target":{"@type":"EntryPoint","urlTemplate":"https:\/\/khg-marburg.eu\/?s={search_term_string}"},"query-input":"required name=search_term_string"}],"inLanguage":"de"},{"@type":"Organization","@id":"https:\/\/khg-marburg.eu\/#organization","name":"Katholische Hochschulgemeinde Marburg","url":"https:\/\/khg-marburg.eu\/","logo":{"@type":"ImageObject","inLanguage":"de","@id":"https:\/\/khg-marburg.eu\/#\/schema\/logo\/image\/","url":"https:\/\/khg-marburg.eu\/wp-content\/uploads\/2020\/04\/logo_wei\u00df.jpg","contentUrl":"https:\/\/khg-marburg.eu\/wp-content\/uploads\/2020\/04\/logo_wei\u00df.jpg","width":750,"height":650,"caption":"Katholische Hochschulgemeinde Marburg"},"image":{"@id":"https:\/\/khg-marburg.eu\/#\/schema\/logo\/image\/"},"sameAs":["https:\/\/www.facebook.com\/KHGMarburg","https:\/\/www.instagram.com\/khgmarburg\/"]}]}},"_links":{"self":[{"href":"https:\/\/khg-marburg.eu\/index.php\/wp-json\/wp\/v2\/pages\/5272"}],"collection":[{"href":"https:\/\/khg-marburg.eu\/index.php\/wp-json\/wp\/v2\/pages"}],"about":[{"href":"https:\/\/khg-marburg.eu\/index.php\/wp-json\/wp\/v2\/types\/page"}],"author":[{"embeddable":true,"href":"https:\/\/khg-marburg.eu\/index.php\/wp-json\/wp\/v2\/users\/2"}],"replies":[{"embeddable":true,"href":"https:\/\/khg-marburg.eu\/index.php\/wp-json\/wp\/v2\/comments?post=5272"}],"version-history":[{"count":14,"href":"https:\/\/khg-marburg.eu\/index.php\/wp-json\/wp\/v2\/pages\/5272\/revisions"}],"predecessor-version":[{"id":9226,"href":"https:\/\/khg-marburg.eu\/index.php\/wp-json\/wp\/v2\/pages\/5272\/revisions\/9226"}],"wp:attachment":[{"href":"https:\/\/khg-marburg.eu\/index.php\/wp-json\/wp\/v2\/media?parent=5272"}],"curies":[{"name":"wp","href":"https:\/\/api.w.org\/{rel}","templated":true}]}}