{"id":5276,"date":"2023-04-26T10:38:20","date_gmt":"2023-04-26T08:38:20","guid":{"rendered":"https:\/\/khg-marburg.eu\/?page_id=5276"},"modified":"2025-01-28T16:59:11","modified_gmt":"2025-01-28T15:59:11","slug":"b-khg-fahrt","status":"publish","type":"page","link":"https:\/\/khg-marburg.eu\/index.php\/b-khg-fahrt\/","title":{"rendered":"KHG-Fahrt"},"content":{"rendered":"\n<h2 class=\"wp-block-heading alignwide has-text-align-center has-text-color\" style=\"color:#eeab02\">KHG-Fahrt ins B\u00f6hmische Paradies &amp; nach Prag<br>f\u00fcr alle Studierenden zwischen 18 &amp; 30 Jahren<\/h2>\n\n\n\n<p class=\"has-text-align-center\"><strong>Die KHG geht auf Reisen. 2025 wollen wir das B\u00f6hmische Paradies in Tschechien und Prag erkunden. Die Hauptstadt der Tschechischen Republik wird auch als &#8222;Stadt der hundert T\u00fcrme&#8220; bezeichnet. Bekannt ist sie f\u00fcr den Altst\u00e4dter Ring mit bunten Barockgeb\u00e4uden, gotischen Kirchen und der mittelalterlichen astronomischen Uhr, die zu jeder Stunde ein animiertes Glockenspiel zeigt. Ein weiteres Wahrzeichen der Stadt an der Moldau ist die 1402 fertiggestellte Karlsbr\u00fccke mit Statuen katholischer Heiliger.<\/strong> <strong>Au\u00dferdem f\u00fchrt uns die Fahrt ins B\u00f6hmische Paradies. Das&nbsp;ist eine Mittelgebirgslandschaft im Nordosten Tschechiens. Gepr\u00e4gt ist die Landschaft vor allem durch die bekannten \u201eFelsenst\u00e4dte\u201c aus Sandstein. Seit 1955 steht ein Teil der Region unter Naturschutz und ist damit das \u00e4lteste gro\u00dfr\u00e4umige Schutzgebiet des Landes. Wegen der besonderen geologischen Struktur wurde die Region 2005 in die Netze der europ\u00e4ischen und der globalen Geoparks&nbsp;aufgenommen, seit 2015 ist sie ein UNESCO Global Geopark. <\/strong><\/p>\n\n\n\n<div class=\"wp-block-media-text alignwide is-stacked-on-mobile\" style=\"grid-template-columns:32% auto\"><figure class=\"wp-block-media-text__media\"><img loading=\"lazy\" decoding=\"async\" width=\"724\" height=\"1024\" src=\"https:\/\/khg-marburg.eu\/wp-content\/uploads\/2025\/01\/KHG-Fahrt-1-2-724x1024.png\" alt=\"\" class=\"wp-image-8568 size-full\" srcset=\"https:\/\/khg-marburg.eu\/wp-content\/uploads\/2025\/01\/KHG-Fahrt-1-2-724x1024.png 724w, https:\/\/khg-marburg.eu\/wp-content\/uploads\/2025\/01\/KHG-Fahrt-1-2-212x300.png 212w, https:\/\/khg-marburg.eu\/wp-content\/uploads\/2025\/01\/KHG-Fahrt-1-2-768x1086.png 768w, https:\/\/khg-marburg.eu\/wp-content\/uploads\/2025\/01\/KHG-Fahrt-1-2-1086x1536.png 1086w, https:\/\/khg-marburg.eu\/wp-content\/uploads\/2025\/01\/KHG-Fahrt-1-2-1448x2048.png 1448w, https:\/\/khg-marburg.eu\/wp-content\/uploads\/2025\/01\/KHG-Fahrt-1-2.png 1587w\" sizes=\"(max-width: 724px) 100vw, 724px\" \/><\/figure><div class=\"wp-block-media-text__content\">\n<p><strong>Wann: <\/strong>06. bis 12 .04. 2025<br><strong>Wer: <\/strong>Alle Studierenden zwischen 18 &#8211; 30 Jahren<br><strong>Ziele:<\/strong> B\u00f6hmisches Paradies &amp; Prag<br><strong>Kosten:<\/strong> 190\u20ac<mark><br><\/mark><strong>Anmeldeschluss ist der 15. M\u00e4rz 2025<\/strong>.<\/p>\n\n\n\n<p>Wir starten mit Kleinbussen am <strong>06. April<\/strong> und fahren am St\u00fcck bis Prag durch. Dort \u00fcbernachten wir in dieser <a href=\"https:\/\/zakladny.skaut.cz\/574-pradelna\">Herberge<\/a> s\u00fcdlich von Prag. Am <strong>09. April <\/strong>geht es weiter in die Natur. Im B\u00f6hmischen Paradies k\u00f6nnen sich alle Teilnehmer*innen auf beeindruckende Felsen, Schl\u00f6sser und Burgen im Wald freuen. Dort \u00fcbernachten wir in einem <a href=\"https:\/\/krj-hk.skauting.cz\/zakladna-miletin\/\">Ferienpark<\/a>. Am <strong>12. April<\/strong> machen wir uns auf den Heimweg.<\/p>\n\n\n\n<p>\u00dcber dieses <a href=\"https:\/\/khg-marburg.eu\/wp-content\/uploads\/2025\/01\/25_Anmeldeformular-Tschechien.pdf\">Formular <\/a>kannst du dich verbindlich f\u00fcr die Fahrt anmelden.<br><br>Fragen? Dann melde ich einfach bei <a href=\"mailto:viola.sinsel@bistum-fulda.de\">Viola Sinsel<\/a>.<\/p>\n<\/div><\/div>\n\n\n\n<div class=\"wp-block-buttons is-layout-flex wp-block-buttons-is-layout-flex\"><\/div>\n","protected":false},"excerpt":{"rendered":"<p>KHG-Fahrt ins B\u00f6hmische Paradies &amp; nach Pragf\u00fcr alle Studierenden zwischen 18 &amp; 30 Jahren Die KHG geht auf Reisen. 2025 wollen wir das B\u00f6hmische Paradies in Tschechien und Prag erkunden&#8230;.<\/p>\n","protected":false},"author":2,"featured_media":0,"parent":0,"menu_order":0,"comment_status":"closed","ping_status":"closed","template":"","meta":{"inline_featured_image":false,"_kadence_starter_templates_imported_post":false,"_kad_post_transparent":"","_kad_post_title":"","_kad_post_layout":"","_kad_post_sidebar_id":"","_kad_post_content_style":"","_kad_post_vertical_padding":"","_kad_post_feature":"","_kad_post_feature_position":"","_kad_post_header":false,"_kad_post_footer":false,"footnotes":""},"yoast_head":"<!-- This site is optimized with the Yoast SEO plugin v22.3 - https:\/\/yoast.com\/wordpress\/plugins\/seo\/ -->\n<title>KHG-Fahrt - Katholische Hochschulgemeinde Marburg<\/title>\n<meta name=\"robots\" content=\"index, follow, max-snippet:-1, max-image-preview:large, max-video-preview:-1\" \/>\n<link rel=\"canonical\" href=\"https:\/\/khg-marburg.eu\/index.php\/b-khg-fahrt\/\" \/>\n<meta property=\"og:locale\" content=\"de_DE\" \/>\n<meta property=\"og:type\" content=\"article\" \/>\n<meta property=\"og:title\" content=\"KHG-Fahrt - Katholische Hochschulgemeinde Marburg\" \/>\n<meta property=\"og:description\" content=\"KHG-Fahrt ins B\u00f6hmische Paradies &amp; nach Pragf\u00fcr alle Studierenden zwischen 18 &amp; 30 Jahren Die KHG geht auf Reisen. 2025 wollen wir das B\u00f6hmische Paradies in Tschechien und Prag erkunden....\" \/>\n<meta property=\"og:url\" content=\"https:\/\/khg-marburg.eu\/index.php\/b-khg-fahrt\/\" \/>\n<meta property=\"og:site_name\" content=\"Katholische Hochschulgemeinde Marburg\" \/>\n<meta property=\"article:publisher\" content=\"https:\/\/www.facebook.com\/KHGMarburg\" \/>\n<meta property=\"article:modified_time\" content=\"2025-01-28T15:59:11+00:00\" \/>\n<meta property=\"og:image\" content=\"https:\/\/khg-marburg.eu\/wp-content\/uploads\/2025\/01\/KHG-Fahrt-1-2-724x1024.png\" \/>\n<meta name=\"twitter:card\" content=\"summary_large_image\" \/>\n<meta name=\"twitter:label1\" content=\"Gesch\u00e4tzte Lesezeit\" \/>\n\t<meta name=\"twitter:data1\" content=\"2\u00a0Minuten\" \/>\n<script type=\"application\/ld+json\" class=\"yoast-schema-graph\">{\"@context\":\"https:\/\/schema.org\",\"@graph\":[{\"@type\":\"WebPage\",\"@id\":\"https:\/\/khg-marburg.eu\/index.php\/b-khg-fahrt\/\",\"url\":\"https:\/\/khg-marburg.eu\/index.php\/b-khg-fahrt\/\",\"name\":\"KHG-Fahrt - Katholische Hochschulgemeinde Marburg\",\"isPartOf\":{\"@id\":\"https:\/\/khg-marburg.eu\/#website\"},\"primaryImageOfPage\":{\"@id\":\"https:\/\/khg-marburg.eu\/index.php\/b-khg-fahrt\/#primaryimage\"},\"image\":{\"@id\":\"https:\/\/khg-marburg.eu\/index.php\/b-khg-fahrt\/#primaryimage\"},\"thumbnailUrl\":\"https:\/\/khg-marburg.eu\/wp-content\/uploads\/2025\/01\/KHG-Fahrt-1-2-724x1024.png\",\"datePublished\":\"2023-04-26T08:38:20+00:00\",\"dateModified\":\"2025-01-28T15:59:11+00:00\",\"breadcrumb\":{\"@id\":\"https:\/\/khg-marburg.eu\/index.php\/b-khg-fahrt\/#breadcrumb\"},\"inLanguage\":\"de\",\"potentialAction\":[{\"@type\":\"ReadAction\",\"target\":[\"https:\/\/khg-marburg.eu\/index.php\/b-khg-fahrt\/\"]}]},{\"@type\":\"ImageObject\",\"inLanguage\":\"de\",\"@id\":\"https:\/\/khg-marburg.eu\/index.php\/b-khg-fahrt\/#primaryimage\",\"url\":\"https:\/\/khg-marburg.eu\/wp-content\/uploads\/2025\/01\/KHG-Fahrt-1-2.png\",\"contentUrl\":\"https:\/\/khg-marburg.eu\/wp-content\/uploads\/2025\/01\/KHG-Fahrt-1-2.png\",\"width\":1587,\"height\":2245},{\"@type\":\"BreadcrumbList\",\"@id\":\"https:\/\/khg-marburg.eu\/index.php\/b-khg-fahrt\/#breadcrumb\",\"itemListElement\":[{\"@type\":\"ListItem\",\"position\":1,\"name\":\"Startseite\",\"item\":\"https:\/\/khg-marburg.eu\/\"},{\"@type\":\"ListItem\",\"position\":2,\"name\":\"KHG-Fahrt\"}]},{\"@type\":\"WebSite\",\"@id\":\"https:\/\/khg-marburg.eu\/#website\",\"url\":\"https:\/\/khg-marburg.eu\/\",\"name\":\"Katholische Hochschulgemeinde Marburg\",\"description\":\"Die Katholische Hochschulgemeinde - Katholische Kirche in Marburg\",\"publisher\":{\"@id\":\"https:\/\/khg-marburg.eu\/#organization\"},\"potentialAction\":[{\"@type\":\"SearchAction\",\"target\":{\"@type\":\"EntryPoint\",\"urlTemplate\":\"https:\/\/khg-marburg.eu\/?s={search_term_string}\"},\"query-input\":\"required name=search_term_string\"}],\"inLanguage\":\"de\"},{\"@type\":\"Organization\",\"@id\":\"https:\/\/khg-marburg.eu\/#organization\",\"name\":\"Katholische Hochschulgemeinde Marburg\",\"url\":\"https:\/\/khg-marburg.eu\/\",\"logo\":{\"@type\":\"ImageObject\",\"inLanguage\":\"de\",\"@id\":\"https:\/\/khg-marburg.eu\/#\/schema\/logo\/image\/\",\"url\":\"https:\/\/khg-marburg.eu\/wp-content\/uploads\/2020\/04\/logo_wei\u00df.jpg\",\"contentUrl\":\"https:\/\/khg-marburg.eu\/wp-content\/uploads\/2020\/04\/logo_wei\u00df.jpg\",\"width\":750,\"height\":650,\"caption\":\"Katholische Hochschulgemeinde Marburg\"},\"image\":{\"@id\":\"https:\/\/khg-marburg.eu\/#\/schema\/logo\/image\/\"},\"sameAs\":[\"https:\/\/www.facebook.com\/KHGMarburg\",\"https:\/\/www.instagram.com\/khgmarburg\/\"]}]}<\/script>\n<!-- \/ Yoast SEO plugin. -->","yoast_head_json":{"title":"KHG-Fahrt - Katholische Hochschulgemeinde Marburg","robots":{"index":"index","follow":"follow","max-snippet":"max-snippet:-1","max-image-preview":"max-image-preview:large","max-video-preview":"max-video-preview:-1"},"canonical":"https:\/\/khg-marburg.eu\/index.php\/b-khg-fahrt\/","og_locale":"de_DE","og_type":"article","og_title":"KHG-Fahrt - Katholische Hochschulgemeinde Marburg","og_description":"KHG-Fahrt ins B\u00f6hmische Paradies &amp; nach Pragf\u00fcr alle Studierenden zwischen 18 &amp; 30 Jahren Die KHG geht auf Reisen. 2025 wollen wir das B\u00f6hmische Paradies in Tschechien und Prag erkunden....","og_url":"https:\/\/khg-marburg.eu\/index.php\/b-khg-fahrt\/","og_site_name":"Katholische Hochschulgemeinde Marburg","article_publisher":"https:\/\/www.facebook.com\/KHGMarburg","article_modified_time":"2025-01-28T15:59:11+00:00","og_image":[{"url":"https:\/\/khg-marburg.eu\/wp-content\/uploads\/2025\/01\/KHG-Fahrt-1-2-724x1024.png"}],"twitter_card":"summary_large_image","twitter_misc":{"Gesch\u00e4tzte Lesezeit":"2\u00a0Minuten"},"schema":{"@context":"https:\/\/schema.org","@graph":[{"@type":"WebPage","@id":"https:\/\/khg-marburg.eu\/index.php\/b-khg-fahrt\/","url":"https:\/\/khg-marburg.eu\/index.php\/b-khg-fahrt\/","name":"KHG-Fahrt - Katholische Hochschulgemeinde Marburg","isPartOf":{"@id":"https:\/\/khg-marburg.eu\/#website"},"primaryImageOfPage":{"@id":"https:\/\/khg-marburg.eu\/index.php\/b-khg-fahrt\/#primaryimage"},"image":{"@id":"https:\/\/khg-marburg.eu\/index.php\/b-khg-fahrt\/#primaryimage"},"thumbnailUrl":"https:\/\/khg-marburg.eu\/wp-content\/uploads\/2025\/01\/KHG-Fahrt-1-2-724x1024.png","datePublished":"2023-04-26T08:38:20+00:00","dateModified":"2025-01-28T15:59:11+00:00","breadcrumb":{"@id":"https:\/\/khg-marburg.eu\/index.php\/b-khg-fahrt\/#breadcrumb"},"inLanguage":"de","potentialAction":[{"@type":"ReadAction","target":["https:\/\/khg-marburg.eu\/index.php\/b-khg-fahrt\/"]}]},{"@type":"ImageObject","inLanguage":"de","@id":"https:\/\/khg-marburg.eu\/index.php\/b-khg-fahrt\/#primaryimage","url":"https:\/\/khg-marburg.eu\/wp-content\/uploads\/2025\/01\/KHG-Fahrt-1-2.png","contentUrl":"https:\/\/khg-marburg.eu\/wp-content\/uploads\/2025\/01\/KHG-Fahrt-1-2.png","width":1587,"height":2245},{"@type":"BreadcrumbList","@id":"https:\/\/khg-marburg.eu\/index.php\/b-khg-fahrt\/#breadcrumb","itemListElement":[{"@type":"ListItem","position":1,"name":"Startseite","item":"https:\/\/khg-marburg.eu\/"},{"@type":"ListItem","position":2,"name":"KHG-Fahrt"}]},{"@type":"WebSite","@id":"https:\/\/khg-marburg.eu\/#website","url":"https:\/\/khg-marburg.eu\/","name":"Katholische Hochschulgemeinde Marburg","description":"Die Katholische Hochschulgemeinde - Katholische Kirche in Marburg","publisher":{"@id":"https:\/\/khg-marburg.eu\/#organization"},"potentialAction":[{"@type":"SearchAction","target":{"@type":"EntryPoint","urlTemplate":"https:\/\/khg-marburg.eu\/?s={search_term_string}"},"query-input":"required name=search_term_string"}],"inLanguage":"de"},{"@type":"Organization","@id":"https:\/\/khg-marburg.eu\/#organization","name":"Katholische Hochschulgemeinde Marburg","url":"https:\/\/khg-marburg.eu\/","logo":{"@type":"ImageObject","inLanguage":"de","@id":"https:\/\/khg-marburg.eu\/#\/schema\/logo\/image\/","url":"https:\/\/khg-marburg.eu\/wp-content\/uploads\/2020\/04\/logo_wei\u00df.jpg","contentUrl":"https:\/\/khg-marburg.eu\/wp-content\/uploads\/2020\/04\/logo_wei\u00df.jpg","width":750,"height":650,"caption":"Katholische Hochschulgemeinde Marburg"},"image":{"@id":"https:\/\/khg-marburg.eu\/#\/schema\/logo\/image\/"},"sameAs":["https:\/\/www.facebook.com\/KHGMarburg","https:\/\/www.instagram.com\/khgmarburg\/"]}]}},"_links":{"self":[{"href":"https:\/\/khg-marburg.eu\/index.php\/wp-json\/wp\/v2\/pages\/5276"}],"collection":[{"href":"https:\/\/khg-marburg.eu\/index.php\/wp-json\/wp\/v2\/pages"}],"about":[{"href":"https:\/\/khg-marburg.eu\/index.php\/wp-json\/wp\/v2\/types\/page"}],"author":[{"embeddable":true,"href":"https:\/\/khg-marburg.eu\/index.php\/wp-json\/wp\/v2\/users\/2"}],"replies":[{"embeddable":true,"href":"https:\/\/khg-marburg.eu\/index.php\/wp-json\/wp\/v2\/comments?post=5276"}],"version-history":[{"count":40,"href":"https:\/\/khg-marburg.eu\/index.php\/wp-json\/wp\/v2\/pages\/5276\/revisions"}],"predecessor-version":[{"id":8576,"href":"https:\/\/khg-marburg.eu\/index.php\/wp-json\/wp\/v2\/pages\/5276\/revisions\/8576"}],"wp:attachment":[{"href":"https:\/\/khg-marburg.eu\/index.php\/wp-json\/wp\/v2\/media?parent=5276"}],"curies":[{"name":"wp","href":"https:\/\/api.w.org\/{rel}","templated":true}]}}