{"id":9990,"date":"2026-03-12T10:36:37","date_gmt":"2026-03-12T09:36:37","guid":{"rendered":"https:\/\/khg-marburg.eu\/?page_id=9990"},"modified":"2026-03-12T10:51:39","modified_gmt":"2026-03-12T09:51:39","slug":"info-veranstaltung-weltjugendtag","status":"publish","type":"page","link":"https:\/\/khg-marburg.eu\/index.php\/info-veranstaltung-weltjugendtag\/","title":{"rendered":"Info-Veranstaltung Weltjugendtag"},"content":{"rendered":"\n<h2 class=\"wp-block-heading has-text-align-center has-text-color has-link-color wp-elements-5c158680978ef5118ad4d1a4dbb50326\" style=\"color:#eeab02\">17.03., 19.30 Uhr Infoabend zum <br>Weltjugendtag in Seoul 2027<\/h2>\n\n\n\n<div class=\"wp-block-media-text is-stacked-on-mobile\" style=\"grid-template-columns:25% auto\"><figure class=\"wp-block-media-text__media\"><img loading=\"lazy\" decoding=\"async\" width=\"519\" height=\"519\" src=\"https:\/\/khg-marburg.eu\/wp-content\/uploads\/2026\/03\/Screenshot-2026-03-11-100626.png\" alt=\"\" class=\"wp-image-9991 size-full\" srcset=\"https:\/\/khg-marburg.eu\/wp-content\/uploads\/2026\/03\/Screenshot-2026-03-11-100626.png 519w, https:\/\/khg-marburg.eu\/wp-content\/uploads\/2026\/03\/Screenshot-2026-03-11-100626-300x300.png 300w, https:\/\/khg-marburg.eu\/wp-content\/uploads\/2026\/03\/Screenshot-2026-03-11-100626-150x150.png 150w\" sizes=\"(max-width: 519px) 100vw, 519px\" \/><\/figure><div class=\"wp-block-media-text__content\">\n<p>Die Anmeldephase f\u00fcr den n\u00e4chsten Weltjugendtag in Seoul 2027 ist gestartet. Wir laden dich zu einem Infoabend dazu ein, f\u00fcr den wir Marius H\u00fcbner von der Berufungspastoral gewinnen konnten: <\/p>\n\n\n\n<p><strong>17.03. (Di), 19.30 Uhr im Konferenzraum des KA.RE<\/strong>., <strong>Biegenstra\u00dfe 18<\/strong><br>Treffpunkt ist am Eingang des Restaurants LEO. <\/p>\n<\/div><\/div>\n\n\n\n<p>Alle Infos zum Weltjugendtag findest du <a href=\"https:\/\/te9e4aa3c.emailsys1a.net\/c\/109\/9028811\/5868\/0\/35995689\/1\/346240\/1e4eb066f1.html\">hier<\/a>. <br>Du \u00fcberlegst dabei zu sein? Dann komm vorbei oder <a href=\"https:\/\/te9e4aa3c.emailsys1a.net\/c\/109\/9028811\/5868\/0\/35995689\/1\/346250\/598f51d24f.html\">schalte dich online <\/a>dazu. <br>Dein Ansprechpartner vor Ort wird <a href=\"mailto:binesh.mangalan@bistum-fulda.de\">Pater Binesh<\/a> sein.<\/p>\n","protected":false},"excerpt":{"rendered":"<p>17.03., 19.30 Uhr Infoabend zum Weltjugendtag in Seoul 2027 Die Anmeldephase f\u00fcr den n\u00e4chsten Weltjugendtag in Seoul 2027 ist gestartet. Wir laden dich zu einem Infoabend dazu ein, f\u00fcr den&#8230;<\/p>\n","protected":false},"author":2,"featured_media":0,"parent":0,"menu_order":0,"comment_status":"closed","ping_status":"closed","template":"","meta":{"inline_featured_image":false,"_kadence_starter_templates_imported_post":false,"_kad_post_transparent":"","_kad_post_title":"","_kad_post_layout":"","_kad_post_sidebar_id":"","_kad_post_content_style":"","_kad_post_vertical_padding":"","_kad_post_feature":"","_kad_post_feature_position":"","_kad_post_header":false,"_kad_post_footer":false,"footnotes":""},"yoast_head":"<!-- This site is optimized with the Yoast SEO plugin v22.3 - https:\/\/yoast.com\/wordpress\/plugins\/seo\/ -->\n<title>Info-Veranstaltung Weltjugendtag - Katholische Hochschulgemeinde Marburg<\/title>\n<meta name=\"robots\" content=\"index, follow, max-snippet:-1, max-image-preview:large, max-video-preview:-1\" \/>\n<link rel=\"canonical\" href=\"https:\/\/khg-marburg.eu\/index.php\/info-veranstaltung-weltjugendtag\/\" \/>\n<meta property=\"og:locale\" content=\"de_DE\" \/>\n<meta property=\"og:type\" content=\"article\" \/>\n<meta property=\"og:title\" content=\"Info-Veranstaltung Weltjugendtag - Katholische Hochschulgemeinde Marburg\" \/>\n<meta property=\"og:description\" content=\"17.03., 19.30 Uhr Infoabend zum Weltjugendtag in Seoul 2027 Die Anmeldephase f\u00fcr den n\u00e4chsten Weltjugendtag in Seoul 2027 ist gestartet. Wir laden dich zu einem Infoabend dazu ein, f\u00fcr den...\" \/>\n<meta property=\"og:url\" content=\"https:\/\/khg-marburg.eu\/index.php\/info-veranstaltung-weltjugendtag\/\" \/>\n<meta property=\"og:site_name\" content=\"Katholische Hochschulgemeinde Marburg\" \/>\n<meta property=\"article:publisher\" content=\"https:\/\/www.facebook.com\/KHGMarburg\" \/>\n<meta property=\"article:modified_time\" content=\"2026-03-12T09:51:39+00:00\" \/>\n<meta property=\"og:image\" content=\"https:\/\/khg-marburg.eu\/wp-content\/uploads\/2026\/03\/Screenshot-2026-03-11-100626.png\" \/>\n<meta name=\"twitter:card\" content=\"summary_large_image\" \/>\n<meta name=\"twitter:label1\" content=\"Gesch\u00e4tzte Lesezeit\" \/>\n\t<meta name=\"twitter:data1\" content=\"1\u00a0Minute\" \/>\n<script type=\"application\/ld+json\" class=\"yoast-schema-graph\">{\"@context\":\"https:\/\/schema.org\",\"@graph\":[{\"@type\":\"WebPage\",\"@id\":\"https:\/\/khg-marburg.eu\/index.php\/info-veranstaltung-weltjugendtag\/\",\"url\":\"https:\/\/khg-marburg.eu\/index.php\/info-veranstaltung-weltjugendtag\/\",\"name\":\"Info-Veranstaltung Weltjugendtag - Katholische Hochschulgemeinde Marburg\",\"isPartOf\":{\"@id\":\"https:\/\/khg-marburg.eu\/#website\"},\"primaryImageOfPage\":{\"@id\":\"https:\/\/khg-marburg.eu\/index.php\/info-veranstaltung-weltjugendtag\/#primaryimage\"},\"image\":{\"@id\":\"https:\/\/khg-marburg.eu\/index.php\/info-veranstaltung-weltjugendtag\/#primaryimage\"},\"thumbnailUrl\":\"https:\/\/khg-marburg.eu\/wp-content\/uploads\/2026\/03\/Screenshot-2026-03-11-100626.png\",\"datePublished\":\"2026-03-12T09:36:37+00:00\",\"dateModified\":\"2026-03-12T09:51:39+00:00\",\"breadcrumb\":{\"@id\":\"https:\/\/khg-marburg.eu\/index.php\/info-veranstaltung-weltjugendtag\/#breadcrumb\"},\"inLanguage\":\"de\",\"potentialAction\":[{\"@type\":\"ReadAction\",\"target\":[\"https:\/\/khg-marburg.eu\/index.php\/info-veranstaltung-weltjugendtag\/\"]}]},{\"@type\":\"ImageObject\",\"inLanguage\":\"de\",\"@id\":\"https:\/\/khg-marburg.eu\/index.php\/info-veranstaltung-weltjugendtag\/#primaryimage\",\"url\":\"https:\/\/khg-marburg.eu\/wp-content\/uploads\/2026\/03\/Screenshot-2026-03-11-100626.png\",\"contentUrl\":\"https:\/\/khg-marburg.eu\/wp-content\/uploads\/2026\/03\/Screenshot-2026-03-11-100626.png\",\"width\":519,\"height\":519},{\"@type\":\"BreadcrumbList\",\"@id\":\"https:\/\/khg-marburg.eu\/index.php\/info-veranstaltung-weltjugendtag\/#breadcrumb\",\"itemListElement\":[{\"@type\":\"ListItem\",\"position\":1,\"name\":\"Startseite\",\"item\":\"https:\/\/khg-marburg.eu\/\"},{\"@type\":\"ListItem\",\"position\":2,\"name\":\"Info-Veranstaltung Weltjugendtag\"}]},{\"@type\":\"WebSite\",\"@id\":\"https:\/\/khg-marburg.eu\/#website\",\"url\":\"https:\/\/khg-marburg.eu\/\",\"name\":\"Katholische Hochschulgemeinde Marburg\",\"description\":\"Die Katholische Hochschulgemeinde - Katholische Kirche in Marburg\",\"publisher\":{\"@id\":\"https:\/\/khg-marburg.eu\/#organization\"},\"potentialAction\":[{\"@type\":\"SearchAction\",\"target\":{\"@type\":\"EntryPoint\",\"urlTemplate\":\"https:\/\/khg-marburg.eu\/?s={search_term_string}\"},\"query-input\":\"required name=search_term_string\"}],\"inLanguage\":\"de\"},{\"@type\":\"Organization\",\"@id\":\"https:\/\/khg-marburg.eu\/#organization\",\"name\":\"Katholische Hochschulgemeinde Marburg\",\"url\":\"https:\/\/khg-marburg.eu\/\",\"logo\":{\"@type\":\"ImageObject\",\"inLanguage\":\"de\",\"@id\":\"https:\/\/khg-marburg.eu\/#\/schema\/logo\/image\/\",\"url\":\"https:\/\/khg-marburg.eu\/wp-content\/uploads\/2020\/04\/logo_wei\u00df.jpg\",\"contentUrl\":\"https:\/\/khg-marburg.eu\/wp-content\/uploads\/2020\/04\/logo_wei\u00df.jpg\",\"width\":750,\"height\":650,\"caption\":\"Katholische Hochschulgemeinde Marburg\"},\"image\":{\"@id\":\"https:\/\/khg-marburg.eu\/#\/schema\/logo\/image\/\"},\"sameAs\":[\"https:\/\/www.facebook.com\/KHGMarburg\",\"https:\/\/www.instagram.com\/khgmarburg\/\"]}]}<\/script>\n<!-- \/ Yoast SEO plugin. -->","yoast_head_json":{"title":"Info-Veranstaltung Weltjugendtag - Katholische Hochschulgemeinde Marburg","robots":{"index":"index","follow":"follow","max-snippet":"max-snippet:-1","max-image-preview":"max-image-preview:large","max-video-preview":"max-video-preview:-1"},"canonical":"https:\/\/khg-marburg.eu\/index.php\/info-veranstaltung-weltjugendtag\/","og_locale":"de_DE","og_type":"article","og_title":"Info-Veranstaltung Weltjugendtag - Katholische Hochschulgemeinde Marburg","og_description":"17.03., 19.30 Uhr Infoabend zum Weltjugendtag in Seoul 2027 Die Anmeldephase f\u00fcr den n\u00e4chsten Weltjugendtag in Seoul 2027 ist gestartet. Wir laden dich zu einem Infoabend dazu ein, f\u00fcr den...","og_url":"https:\/\/khg-marburg.eu\/index.php\/info-veranstaltung-weltjugendtag\/","og_site_name":"Katholische Hochschulgemeinde Marburg","article_publisher":"https:\/\/www.facebook.com\/KHGMarburg","article_modified_time":"2026-03-12T09:51:39+00:00","og_image":[{"url":"https:\/\/khg-marburg.eu\/wp-content\/uploads\/2026\/03\/Screenshot-2026-03-11-100626.png"}],"twitter_card":"summary_large_image","twitter_misc":{"Gesch\u00e4tzte Lesezeit":"1\u00a0Minute"},"schema":{"@context":"https:\/\/schema.org","@graph":[{"@type":"WebPage","@id":"https:\/\/khg-marburg.eu\/index.php\/info-veranstaltung-weltjugendtag\/","url":"https:\/\/khg-marburg.eu\/index.php\/info-veranstaltung-weltjugendtag\/","name":"Info-Veranstaltung Weltjugendtag - Katholische Hochschulgemeinde Marburg","isPartOf":{"@id":"https:\/\/khg-marburg.eu\/#website"},"primaryImageOfPage":{"@id":"https:\/\/khg-marburg.eu\/index.php\/info-veranstaltung-weltjugendtag\/#primaryimage"},"image":{"@id":"https:\/\/khg-marburg.eu\/index.php\/info-veranstaltung-weltjugendtag\/#primaryimage"},"thumbnailUrl":"https:\/\/khg-marburg.eu\/wp-content\/uploads\/2026\/03\/Screenshot-2026-03-11-100626.png","datePublished":"2026-03-12T09:36:37+00:00","dateModified":"2026-03-12T09:51:39+00:00","breadcrumb":{"@id":"https:\/\/khg-marburg.eu\/index.php\/info-veranstaltung-weltjugendtag\/#breadcrumb"},"inLanguage":"de","potentialAction":[{"@type":"ReadAction","target":["https:\/\/khg-marburg.eu\/index.php\/info-veranstaltung-weltjugendtag\/"]}]},{"@type":"ImageObject","inLanguage":"de","@id":"https:\/\/khg-marburg.eu\/index.php\/info-veranstaltung-weltjugendtag\/#primaryimage","url":"https:\/\/khg-marburg.eu\/wp-content\/uploads\/2026\/03\/Screenshot-2026-03-11-100626.png","contentUrl":"https:\/\/khg-marburg.eu\/wp-content\/uploads\/2026\/03\/Screenshot-2026-03-11-100626.png","width":519,"height":519},{"@type":"BreadcrumbList","@id":"https:\/\/khg-marburg.eu\/index.php\/info-veranstaltung-weltjugendtag\/#breadcrumb","itemListElement":[{"@type":"ListItem","position":1,"name":"Startseite","item":"https:\/\/khg-marburg.eu\/"},{"@type":"ListItem","position":2,"name":"Info-Veranstaltung Weltjugendtag"}]},{"@type":"WebSite","@id":"https:\/\/khg-marburg.eu\/#website","url":"https:\/\/khg-marburg.eu\/","name":"Katholische Hochschulgemeinde Marburg","description":"Die Katholische Hochschulgemeinde - Katholische Kirche in Marburg","publisher":{"@id":"https:\/\/khg-marburg.eu\/#organization"},"potentialAction":[{"@type":"SearchAction","target":{"@type":"EntryPoint","urlTemplate":"https:\/\/khg-marburg.eu\/?s={search_term_string}"},"query-input":"required name=search_term_string"}],"inLanguage":"de"},{"@type":"Organization","@id":"https:\/\/khg-marburg.eu\/#organization","name":"Katholische Hochschulgemeinde Marburg","url":"https:\/\/khg-marburg.eu\/","logo":{"@type":"ImageObject","inLanguage":"de","@id":"https:\/\/khg-marburg.eu\/#\/schema\/logo\/image\/","url":"https:\/\/khg-marburg.eu\/wp-content\/uploads\/2020\/04\/logo_wei\u00df.jpg","contentUrl":"https:\/\/khg-marburg.eu\/wp-content\/uploads\/2020\/04\/logo_wei\u00df.jpg","width":750,"height":650,"caption":"Katholische Hochschulgemeinde Marburg"},"image":{"@id":"https:\/\/khg-marburg.eu\/#\/schema\/logo\/image\/"},"sameAs":["https:\/\/www.facebook.com\/KHGMarburg","https:\/\/www.instagram.com\/khgmarburg\/"]}]}},"_links":{"self":[{"href":"https:\/\/khg-marburg.eu\/index.php\/wp-json\/wp\/v2\/pages\/9990"}],"collection":[{"href":"https:\/\/khg-marburg.eu\/index.php\/wp-json\/wp\/v2\/pages"}],"about":[{"href":"https:\/\/khg-marburg.eu\/index.php\/wp-json\/wp\/v2\/types\/page"}],"author":[{"embeddable":true,"href":"https:\/\/khg-marburg.eu\/index.php\/wp-json\/wp\/v2\/users\/2"}],"replies":[{"embeddable":true,"href":"https:\/\/khg-marburg.eu\/index.php\/wp-json\/wp\/v2\/comments?post=9990"}],"version-history":[{"count":2,"href":"https:\/\/khg-marburg.eu\/index.php\/wp-json\/wp\/v2\/pages\/9990\/revisions"}],"predecessor-version":[{"id":9995,"href":"https:\/\/khg-marburg.eu\/index.php\/wp-json\/wp\/v2\/pages\/9990\/revisions\/9995"}],"wp:attachment":[{"href":"https:\/\/khg-marburg.eu\/index.php\/wp-json\/wp\/v2\/media?parent=9990"}],"curies":[{"name":"wp","href":"https:\/\/api.w.org\/{rel}","templated":true}]}}